{"id":2418,"date":"2026-01-28T13:11:16","date_gmt":"2026-01-28T12:11:16","guid":{"rendered":"https:\/\/install-bois.pro\/?page_id=2418"},"modified":"2026-01-28T16:57:44","modified_gmt":"2026-01-28T15:57:44","slug":"formations","status":"publish","type":"page","link":"https:\/\/install-bois.pro\/index.php\/formations\/","title":{"rendered":"FORMATIONS"},"content":{"rendered":"<p>[et_pb_section fb_built=\u00a0\u00bb1&Prime; admin_label=\u00a0\u00bbHero\u00a0\u00bb _builder_version=\u00a0\u00bb4.24.3&Prime; background_color=\u00a0\u00bb#FFC000&Prime; custom_padding=\u00a0\u00bb0px|0px|0px|0px\u00a0\u00bb animation_style=\u00a0\u00bbzoom\u00a0\u00bb animation_intensity_zoom=\u00a0\u00bb4%\u00a0\u00bb global_colors_info=\u00a0\u00bb{}\u00a0\u00bb][et_pb_row column_structure=\u00a0\u00bb1_3,2_3&Prime; use_custom_gutter=\u00a0\u00bbon\u00a0\u00bb gutter_width=\u00a0\u00bb1&Prime; make_equal=\u00a0\u00bbon\u00a0\u00bb module_class=\u00a0\u00bb et_pb_row_fullwidth\u00a0\u00bb _builder_version=\u00a0\u00bb4.27.5&Prime; width=\u00a0\u00bb100%\u00a0\u00bb width_tablet=\u00a0\u00bb100%\u00a0\u00bb width_phone=\u00a0\u00bb100%\u00a0\u00bb width_last_edited=\u00a0\u00bbon|desktop\u00a0\u00bb max_width=\u00a0\u00bb100%\u00a0\u00bb max_width_tablet=\u00a0\u00bb100%\u00a0\u00bb max_width_phone=\u00a0\u00bb100%\u00a0\u00bb max_width_last_edited=\u00a0\u00bbon|desktop\u00a0\u00bb custom_padding=\u00a0\u00bb0px||0px|\u00a0\u00bb animation_style=\u00a0\u00bbslide\u00a0\u00bb animation_direction=\u00a0\u00bbtop\u00a0\u00bb animation_intensity_slide=\u00a0\u00bb3%\u00a0\u00bb make_fullwidth=\u00a0\u00bbon\u00a0\u00bb global_colors_info=\u00a0\u00bb{}\u00a0\u00bb][et_pb_column type=\u00a0\u00bb1_3&Prime; _builder_version=\u00a0\u00bb4.24.3&Prime; background_color=\u00a0\u00bb#fff3e4&Prime; background_enable_image=\u00a0\u00bboff\u00a0\u00bb parallax=\u00a0\u00bbon\u00a0\u00bb custom_padding=\u00a0\u00bb|||\u00a0\u00bb global_colors_info=\u00a0\u00bb{}\u00a0\u00bb custom_padding__hover=\u00a0\u00bb|||\u00a0\u00bb][et_pb_image src=\u00a0\u00bbhttps:\/\/install-bois.pro\/wp-content\/uploads\/2026\/01\/Formation-chauffage-au-bois.png\u00a0\u00bb title_text=\u00a0\u00bbFormation chauffage au bois\u00a0\u00bb align=\u00a0\u00bbcenter\u00a0\u00bb _builder_version=\u00a0\u00bb4.27.5&Prime; _module_preset=\u00a0\u00bbdefault\u00a0\u00bb custom_padding=\u00a0\u00bb101px|||||\u00a0\u00bb global_colors_info=\u00a0\u00bb{}\u00a0\u00bb][\/et_pb_image][\/et_pb_column][et_pb_column type=\u00a0\u00bb2_3&Prime; _builder_version=\u00a0\u00bb4.27.5&Prime; background_color=\u00a0\u00bb#009999&Prime; custom_padding=\u00a0\u00bb5%|8%|5%|8%|false|false\u00a0\u00bb global_colors_info=\u00a0\u00bb{}\u00a0\u00bb custom_padding__hover=\u00a0\u00bb|||\u00a0\u00bb][et_pb_text _builder_version=\u00a0\u00bb4.27.5&Prime; text_font=\u00a0\u00bb|500||on|||||\u00a0\u00bb text_text_color=\u00a0\u00bb#FFFFFF\u00a0\u00bb text_font_size=\u00a0\u00bb17px\u00a0\u00bb text_letter_spacing=\u00a0\u00bb3px\u00a0\u00bb header_text_color=\u00a0\u00bb#FFFFFF\u00a0\u00bb header_font_size=\u00a0\u00bb15px\u00a0\u00bb header_letter_spacing=\u00a0\u00bb-1px\u00a0\u00bb header_2_text_color=\u00a0\u00bb#FFFFFF\u00a0\u00bb header_2_font_size=\u00a0\u00bb15px\u00a0\u00bb header_2_letter_spacing=\u00a0\u00bb-1px\u00a0\u00bb custom_margin=\u00a0\u00bb||29px|||\u00a0\u00bb animation_style=\u00a0\u00bbslide\u00a0\u00bb animation_direction=\u00a0\u00bbbottom\u00a0\u00bb locked=\u00a0\u00bboff\u00a0\u00bb global_colors_info=\u00a0\u00bb{}\u00a0\u00bb]<\/p>\n<h2>Formations professionnelles pour les acteurs du chauffage au bois<\/h2>\n<p>[\/et_pb_text][et_pb_text _builder_version=\u00a0\u00bb4.27.5&Prime; text_font=\u00a0\u00bb||||||||\u00a0\u00bb text_font_size=\u00a0\u00bb50px\u00a0\u00bb text_letter_spacing=\u00a0\u00bb1px\u00a0\u00bb text_line_height=\u00a0\u00bb1.1em\u00a0\u00bb header_font=\u00a0\u00bbMontserrat|700||on|||||\u00a0\u00bb header_text_color=\u00a0\u00bb#f7f7f7&Prime; header_font_size=\u00a0\u00bb50px\u00a0\u00bb header_2_font=\u00a0\u00bb|700|||||||\u00a0\u00bb header_2_font_size=\u00a0\u00bb50px\u00a0\u00bb custom_margin=\u00a0\u00bb||40px|\u00a0\u00bb custom_padding=\u00a0\u00bb||1px|6px||\u00a0\u00bb animation_style=\u00a0\u00bbfade\u00a0\u00bb header_font_size_last_edited=\u00a0\u00bboff|desktop\u00a0\u00bb locked=\u00a0\u00bboff\u00a0\u00bb global_colors_info=\u00a0\u00bb{}\u00a0\u00bb]<\/p>\n<h4><strong>VOTRE <span style=\"color: #ffffff;\">CATALOGUE <\/span>DE<\/strong><\/h4>\n<h1><span style=\"color: #ffc000;\">FORMATIONS 2026 <\/span><\/h1>\n<h1><span style=\"color: #ffffff;\"><span style=\"color: #111111;\">INSTALL BOIS<\/span>\u00a0<\/span><\/h1>\n<p>[\/et_pb_text][ba_dual_button btn_a_text=\u00a0\u00bbConsulter le catalogue\u00a0\u00bb btn_a_link=\u00a0\u00bbhttps:\/\/install-bois.pro\/wp-content\/uploads\/2025\/09\/Install-Bois-Formations-2025-2026.pdf\u00a0\u00bb btn_a_link_target=\u00a0\u00bb_blank\u00a0\u00bb btn_b_text=\u00a0\u00bbT\u00e9l\u00e9charger le bulletin d&rsquo;inscription\u00a0\u00bb btn_b_link=\u00a0\u00bbhttps:\/\/install-bois.pro\/wp-content\/uploads\/2026\/01\/Bulletin-dinscription-InstallBOIS-Formations-2026.pdf\u00a0\u00bb button_gap=\u00a0\u00bb65px\u00a0\u00bb _builder_version=\u00a0\u00bb4.27.5&Prime; _module_preset=\u00a0\u00bbdefault\u00a0\u00bb background_color=\u00a0\u00bbRGBA(255,255,255,0)\u00a0\u00bb custom_btn_a=\u00a0\u00bbon\u00a0\u00bb btn_a_text_color=\u00a0\u00bb#FFFFFF\u00a0\u00bb btn_a_border_width=\u00a0\u00bb4px\u00a0\u00bb btn_a_border_radius=\u00a0\u00bb100px\u00a0\u00bb custom_btn_b=\u00a0\u00bbon\u00a0\u00bb btn_b_text_color=\u00a0\u00bb#FFFFFF\u00a0\u00bb btn_b_border_width=\u00a0\u00bb4px\u00a0\u00bb btn_b_border_color=\u00a0\u00bb#FFFFFF\u00a0\u00bb btn_b_border_radius=\u00a0\u00bb100px\u00a0\u00bb custom_margin=\u00a0\u00bb||-24px|||\u00a0\u00bb link_option_url=\u00a0\u00bbhttps:\/\/zcal.co\/louis-liano\/install-bois\u00a0\u00bb link_option_url_new_window=\u00a0\u00bbon\u00a0\u00bb hover_enabled=\u00a0\u00bb0&Prime; global_colors_info=\u00a0\u00bb{}\u00a0\u00bb btn_b_link_target=\u00a0\u00bb_blank\u00a0\u00bb sticky_enabled=\u00a0\u00bb0&Prime;][\/ba_dual_button][et_pb_text _builder_version=\u00a0\u00bb4.27.5&Prime; text_font=\u00a0\u00bb||||||||\u00a0\u00bb text_font_size=\u00a0\u00bb50px\u00a0\u00bb text_letter_spacing=\u00a0\u00bb1px\u00a0\u00bb text_line_height=\u00a0\u00bb1.1em\u00a0\u00bb header_font=\u00a0\u00bbMontserrat|700||on|||||\u00a0\u00bb header_text_color=\u00a0\u00bb#f7f7f7&Prime; header_font_size=\u00a0\u00bb50px\u00a0\u00bb header_2_font=\u00a0\u00bb|700|||||||\u00a0\u00bb header_2_font_size=\u00a0\u00bb50px\u00a0\u00bb custom_margin=\u00a0\u00bb29px||40px|||\u00a0\u00bb custom_padding=\u00a0\u00bb||1px|6px||\u00a0\u00bb animation_style=\u00a0\u00bbfade\u00a0\u00bb header_font_size_last_edited=\u00a0\u00bboff|desktop\u00a0\u00bb locked=\u00a0\u00bboff\u00a0\u00bb global_colors_info=\u00a0\u00bb{}\u00a0\u00bb]<\/p>\n<h4><strong><span style=\"color: #ffffff;\"><\/span><\/strong><\/h4>\n<h4><strong><span style=\"color: #ffffff;\">FORMATIONS PRISES EN CHARGE PAR L&rsquo;OPCO\u00a0<\/span><\/strong><\/h4>\n<p>[\/et_pb_text][\/et_pb_column][\/et_pb_row][\/et_pb_section][et_pb_section fb_built=\u00a0\u00bb1&Prime; _builder_version=\u00a0\u00bb4.27.5&Prime; _module_preset=\u00a0\u00bbdefault\u00a0\u00bb background_color=\u00a0\u00bbrgba(255,245,229,0.55)\u00a0\u00bb min_height=\u00a0\u00bb287px\u00a0\u00bb custom_padding=\u00a0\u00bb7px|||||\u00a0\u00bb global_colors_info=\u00a0\u00bb{}\u00a0\u00bb][et_pb_row _builder_version=\u00a0\u00bb4.27.0&Prime; _module_preset=\u00a0\u00bbdefault\u00a0\u00bb custom_margin=\u00a0\u00bb|auto|-71px|auto||\u00a0\u00bb custom_padding=\u00a0\u00bb0px|||||\u00a0\u00bb global_colors_info=\u00a0\u00bb{}\u00a0\u00bb][et_pb_column type=\u00a0\u00bb4_4&Prime; _builder_version=\u00a0\u00bb4.27.0&Prime; _module_preset=\u00a0\u00bbdefault\u00a0\u00bb global_colors_info=\u00a0\u00bb{}\u00a0\u00bb][et_pb_text _builder_version=\u00a0\u00bb4.27.5&Prime; text_font=\u00a0\u00bbMontserrat||||\u00a0\u00bb text_text_color=\u00a0\u00bb#353740&Prime; text_font_size=\u00a0\u00bb16px\u00a0\u00bb text_line_height=\u00a0\u00bb1.8em\u00a0\u00bb header_font=\u00a0\u00bb||||||||\u00a0\u00bb min_height=\u00a0\u00bb232px\u00a0\u00bb custom_margin=\u00a0\u00bb||-6px|||\u00a0\u00bb custom_padding=\u00a0\u00bb37px||32px|||\u00a0\u00bb animation_style=\u00a0\u00bbslide\u00a0\u00bb animation_direction=\u00a0\u00bbtop\u00a0\u00bb animation_intensity_slide=\u00a0\u00bb17%\u00a0\u00bb locked=\u00a0\u00bboff\u00a0\u00bb global_colors_info=\u00a0\u00bb{}\u00a0\u00bb]<\/p>\n<h2 style=\"text-align: center;\"><span style=\"color: #008080;\"><strong>Des formations pens\u00e9es pour le terrain, pas pour les salles de classe.<\/strong><\/span><\/h2>\n<p style=\"text-align: center;\">Montez en comp\u00e9tence sur les normes et bonnes pratiques du chauffage au bois,<br \/>s\u00e9curisez vos installations et gagnez en efficacit\u00e9 dans vos \u00e9tudes et vos chantiers.<\/p>\n<h2 style=\"text-align: center;\"><span style=\"color: #008080;\"><strong>B\u00e9n\u00e9fices cl\u00e9s :<\/strong><\/span><\/h2>\n<p style=\"text-align: center;\">R\u00e9duction des erreurs et des non-conformit\u00e9s<br \/>Gain de temps dans vos dossiers techniques<br \/>Plus de cr\u00e9dibilit\u00e9 face aux clients et aux assurances<\/p>\n<p>[\/et_pb_text][ba_dual_button btn_alignment=\u00a0\u00bbcenter\u00a0\u00bb btn_a_text=\u00a0\u00bbConsulter le catalogue\u00a0\u00bb btn_a_link=\u00a0\u00bbhttps:\/\/install-bois.pro\/wp-content\/uploads\/2025\/09\/Install-Bois-Formations-2025-2026.pdf\u00a0\u00bb btn_a_link_target=\u00a0\u00bb_blank\u00a0\u00bb btn_b_text=\u00a0\u00bbT\u00e9l\u00e9charger le bulletin d&rsquo;inscription\u00a0\u00bb btn_b_link=\u00a0\u00bbhttps:\/\/install-bois.pro\/wp-content\/uploads\/2026\/01\/Bulletin-dinscription-InstallBOIS-Formations-2026.pdf\u00a0\u00bb button_gap=\u00a0\u00bb65px\u00a0\u00bb _builder_version=\u00a0\u00bb4.27.5&Prime; _module_preset=\u00a0\u00bbdefault\u00a0\u00bb background_color=\u00a0\u00bbRGBA(255,255,255,0)\u00a0\u00bb custom_btn_a=\u00a0\u00bbon\u00a0\u00bb btn_a_text_color=\u00a0\u00bb#008080&Prime; btn_a_border_width=\u00a0\u00bb4px\u00a0\u00bb btn_a_border_radius=\u00a0\u00bb100px\u00a0\u00bb custom_btn_b=\u00a0\u00bbon\u00a0\u00bb btn_b_text_color=\u00a0\u00bb#008080&Prime; btn_b_bg_color=\u00a0\u00bbRGBA(255,255,255,0)\u00a0\u00bb btn_b_border_width=\u00a0\u00bb4px\u00a0\u00bb btn_b_border_color=\u00a0\u00bb#008080&Prime; btn_b_border_radius=\u00a0\u00bb100px\u00a0\u00bb custom_margin=\u00a0\u00bb||-24px|||\u00a0\u00bb link_option_url=\u00a0\u00bbhttps:\/\/zcal.co\/louis-liano\/install-bois\u00a0\u00bb link_option_url_new_window=\u00a0\u00bbon\u00a0\u00bb hover_enabled=\u00a0\u00bb0&Prime; global_colors_info=\u00a0\u00bb{}\u00a0\u00bb btn_b_link_target=\u00a0\u00bb_blank\u00a0\u00bb sticky_enabled=\u00a0\u00bb0&Prime;][\/ba_dual_button][\/et_pb_column][\/et_pb_row][\/et_pb_section][et_pb_section fb_built=\u00a0\u00bb1&Prime; _builder_version=\u00a0\u00bb4.27.0&Prime; _module_preset=\u00a0\u00bbdefault\u00a0\u00bb custom_margin=\u00a0\u00bb||1px|||\u00a0\u00bb custom_padding=\u00a0\u00bb34px|||||\u00a0\u00bb global_colors_info=\u00a0\u00bb{}\u00a0\u00bb][et_pb_row _builder_version=\u00a0\u00bb4.27.5&Prime; _module_preset=\u00a0\u00bbdefault\u00a0\u00bb custom_padding=\u00a0\u00bb|0px||0px|false|false\u00a0\u00bb global_colors_info=\u00a0\u00bb{}\u00a0\u00bb][et_pb_column type=\u00a0\u00bb4_4&Prime; _builder_version=\u00a0\u00bb4.27.5&Prime; _module_preset=\u00a0\u00bbdefault\u00a0\u00bb custom_padding=\u00a0\u00bb||||false|false\u00a0\u00bb global_colors_info=\u00a0\u00bb{}\u00a0\u00bb][et_pb_text admin_label=\u00a0\u00bbTitle\u00a0\u00bb _builder_version=\u00a0\u00bb4.27.5&Prime; text_font=\u00a0\u00bbMontserrat||||||||\u00a0\u00bb text_text_color=\u00a0\u00bb#747d88&Prime; text_font_size=\u00a0\u00bb16px\u00a0\u00bb text_line_height=\u00a0\u00bb1.9em\u00a0\u00bb header_font=\u00a0\u00bb||||||||\u00a0\u00bb header_2_font=\u00a0\u00bbMontserrat|700||on|||||\u00a0\u00bb header_2_font_size=\u00a0\u00bb42px\u00a0\u00bb header_2_line_height=\u00a0\u00bb1.3em\u00a0\u00bb module_alignment=\u00a0\u00bbleft\u00a0\u00bb custom_margin=\u00a0\u00bb|-227px||||\u00a0\u00bb custom_padding=\u00a0\u00bb|0px||||\u00a0\u00bb animation_style=\u00a0\u00bbslide\u00a0\u00bb animation_direction=\u00a0\u00bbbottom\u00a0\u00bb animation_intensity_slide=\u00a0\u00bb4%\u00a0\u00bb global_colors_info=\u00a0\u00bb{}\u00a0\u00bb]<\/p>\n<h2 style=\"text-align: left;\">Pourquoi se <span style=\"color: #ffc000;\">former <span style=\"color: #333333;\">r\u00c9guli\u00e8rement <\/span><\/span>?<\/h2>\n<p>[\/et_pb_text][\/et_pb_column][\/et_pb_row][et_pb_row column_structure=\u00a0\u00bb1_3,1_3,1_3&Prime; _builder_version=\u00a0\u00bb4.27.5&Prime; _module_preset=\u00a0\u00bbdefault\u00a0\u00bb custom_margin=\u00a0\u00bb|auto|2px|auto||\u00a0\u00bb custom_padding=\u00a0\u00bb5px|0px|5px|0px|false|false\u00a0\u00bb global_colors_info=\u00a0\u00bb{}\u00a0\u00bb][et_pb_column type=\u00a0\u00bb1_3&Prime; _builder_version=\u00a0\u00bb4.27.5&Prime; _module_preset=\u00a0\u00bbdefault\u00a0\u00bb custom_padding=\u00a0\u00bb||||false|false\u00a0\u00bb global_colors_info=\u00a0\u00bb{}\u00a0\u00bb][et_pb_blurb title=\u00a0\u00bbGarantir la conformit\u00e9\u00a0\u00bb use_icon=\u00a0\u00bbon\u00a0\u00bb font_icon=\u00a0\u00bb&#xf00c;||fa||900&Prime; icon_color=\u00a0\u00bb#FFFFFF\u00a0\u00bb image_icon_background_color=\u00a0\u00bb#FFC000&Prime; icon_placement=\u00a0\u00bbleft\u00a0\u00bb image_icon_width=\u00a0\u00bb20px\u00a0\u00bb _builder_version=\u00a0\u00bb4.27.5&Prime; _module_preset=\u00a0\u00bbf0842acd-d976-43c6-8959-de5d27cf391b\u00a0\u00bb header_font=\u00a0\u00bbMontserrat|600|||||||\u00a0\u00bb header_text_color=\u00a0\u00bb#FFC000&Prime; header_font_size=\u00a0\u00bb18px\u00a0\u00bb body_font=\u00a0\u00bb|500|||||||\u00a0\u00bb body_font_size=\u00a0\u00bb15px\u00a0\u00bb image_icon_custom_margin=\u00a0\u00bb0px|0px|0px|0px|false|false\u00a0\u00bb image_icon_custom_padding=\u00a0\u00bb0px||||false|false\u00a0\u00bb custom_margin=\u00a0\u00bb||30px||false|false\u00a0\u00bb border_radii_image=\u00a0\u00bbon|20px|20px|20px|20px\u00a0\u00bb border_width_all_image=\u00a0\u00bb3px\u00a0\u00bb border_color_all_image=\u00a0\u00bb#ffc000&Prime; global_colors_info=\u00a0\u00bb{}\u00a0\u00bb]<\/p>\n<p>Le chauffage au bois \u00e9volue chaque ann\u00e9e : innovations produits, durcissement des normes, attentes accrues des clients\u2026 Dans ce contexte, se former n\u2019est plus une option mais une condition essentielle pour <strong>garantir des installations performantes, <\/strong><strong>s\u00fbres et 100 % conformes<\/strong>.<\/p>\n<p>[\/et_pb_blurb][\/et_pb_column][et_pb_column type=\u00a0\u00bb1_3&Prime; _builder_version=\u00a0\u00bb4.27.5&Prime; _module_preset=\u00a0\u00bbdefault\u00a0\u00bb custom_padding=\u00a0\u00bb||||false|false\u00a0\u00bb global_colors_info=\u00a0\u00bb{}\u00a0\u00bb][et_pb_blurb title=\u00a0\u00bbPour tous les m\u00e9tiers du chauffage au bois\u00a0\u00bb use_icon=\u00a0\u00bbon\u00a0\u00bb font_icon=\u00a0\u00bb&#xf00c;||fa||900&Prime; icon_color=\u00a0\u00bb#FFFFFF\u00a0\u00bb image_icon_background_color=\u00a0\u00bb#FFC000&Prime; icon_placement=\u00a0\u00bbleft\u00a0\u00bb image_icon_width=\u00a0\u00bb20px\u00a0\u00bb _builder_version=\u00a0\u00bb4.27.5&Prime; _module_preset=\u00a0\u00bbf0842acd-d976-43c6-8959-de5d27cf391b\u00a0\u00bb header_font=\u00a0\u00bbMontserrat|600|||||||\u00a0\u00bb header_text_color=\u00a0\u00bb#FFC000&Prime; body_font=\u00a0\u00bb|&#8211;et_global_heading_font_weight|||||||\u00a0\u00bb body_font_size=\u00a0\u00bb15px\u00a0\u00bb custom_margin=\u00a0\u00bb||30px||false|false\u00a0\u00bb border_radii_image=\u00a0\u00bbon|20px|20px|20px|20px\u00a0\u00bb border_width_all_image=\u00a0\u00bb3px\u00a0\u00bb border_color_all_image=\u00a0\u00bb#FFC000&Prime; global_colors_info=\u00a0\u00bb{}\u00a0\u00bb]<\/p>\n<p>Les formations Install Bois ont \u00e9t\u00e9 con\u00e7ues pour r\u00e9pondre aux enjeux concrets des professionnels du secteur : installateurs, techniciens SAV, responsables techniques, ramoneurs, formateurs et experts judiciaires.<\/p>\n<p>[\/et_pb_blurb][\/et_pb_column][et_pb_column type=\u00a0\u00bb1_3&Prime; _builder_version=\u00a0\u00bb4.27.5&Prime; _module_preset=\u00a0\u00bbdefault\u00a0\u00bb custom_padding=\u00a0\u00bb||||false|false\u00a0\u00bb global_colors_info=\u00a0\u00bb{}\u00a0\u00bb][et_pb_blurb title=\u00a0\u00bbApplicable sur le terrain\u00a0\u00bb use_icon=\u00a0\u00bbon\u00a0\u00bb font_icon=\u00a0\u00bb&#xf00c;||fa||900&Prime; icon_color=\u00a0\u00bb#FFFFFF\u00a0\u00bb image_icon_background_color=\u00a0\u00bb#FFC000&Prime; icon_placement=\u00a0\u00bbleft\u00a0\u00bb image_icon_width=\u00a0\u00bb20px\u00a0\u00bb _builder_version=\u00a0\u00bb4.27.5&Prime; _module_preset=\u00a0\u00bbf0842acd-d976-43c6-8959-de5d27cf391b\u00a0\u00bb header_font=\u00a0\u00bbMontserrat|600|||||||\u00a0\u00bb header_text_color=\u00a0\u00bb#FFC000&Prime; header_font_size=\u00a0\u00bb18px\u00a0\u00bb body_font_size=\u00a0\u00bb15px\u00a0\u00bb custom_margin=\u00a0\u00bb||30px||false|false\u00a0\u00bb border_radii_image=\u00a0\u00bbon|20px|20px|20px|20px\u00a0\u00bb border_width_all_image=\u00a0\u00bb3px\u00a0\u00bb border_color_all_image=\u00a0\u00bb#FFC000&Prime; global_colors_info=\u00a0\u00bb{}\u00a0\u00bb]<\/p>\n<p>Chaque session associe r<strong>igueur technique, actualisation r\u00e9glementaire et retours d\u2019exp\u00e9rience du terrain,<\/strong> avec un seul objectif : vous permettre d\u2019installer, diagnostiquer et justifier vos interventions en toute s\u00e9r\u00e9nit\u00e9.<\/p>\n<p>[\/et_pb_blurb][\/et_pb_column][\/et_pb_row][et_pb_row _builder_version=\u00a0\u00bb4.27.5&Prime; _module_preset=\u00a0\u00bbdefault\u00a0\u00bb custom_padding=\u00a0\u00bb2px|0px||0px|false|false\u00a0\u00bb global_colors_info=\u00a0\u00bb{}\u00a0\u00bb][et_pb_column type=\u00a0\u00bb4_4&Prime; _builder_version=\u00a0\u00bb4.27.5&Prime; _module_preset=\u00a0\u00bbdefault\u00a0\u00bb custom_padding=\u00a0\u00bb||||false|false\u00a0\u00bb global_colors_info=\u00a0\u00bb{}\u00a0\u00bb][et_pb_text admin_label=\u00a0\u00bbTitle\u00a0\u00bb _builder_version=\u00a0\u00bb4.27.5&Prime; text_font=\u00a0\u00bbMontserrat||||||||\u00a0\u00bb text_text_color=\u00a0\u00bb#747d88&Prime; text_font_size=\u00a0\u00bb16px\u00a0\u00bb text_line_height=\u00a0\u00bb1.9em\u00a0\u00bb header_font=\u00a0\u00bb||||||||\u00a0\u00bb header_2_font=\u00a0\u00bbMontserrat|700||on|||||\u00a0\u00bb header_2_font_size=\u00a0\u00bb42px\u00a0\u00bb header_2_line_height=\u00a0\u00bb1.3em\u00a0\u00bb module_alignment=\u00a0\u00bbleft\u00a0\u00bb custom_margin=\u00a0\u00bb|-227px||||\u00a0\u00bb custom_padding=\u00a0\u00bb|0px||||\u00a0\u00bb animation_style=\u00a0\u00bbslide\u00a0\u00bb animation_direction=\u00a0\u00bbbottom\u00a0\u00bb animation_intensity_slide=\u00a0\u00bb4%\u00a0\u00bb global_colors_info=\u00a0\u00bb{}\u00a0\u00bb]<\/p>\n<h2 style=\"text-align: left;\">CE QUI <span style=\"color: #ff9933;\">FAIT LA DIFFERENCE <\/span>AVEC NOUS\u00a0<\/h2>\n<p>[\/et_pb_text][\/et_pb_column][\/et_pb_row][et_pb_row column_structure=\u00a0\u00bb1_3,1_3,1_3&Prime; _builder_version=\u00a0\u00bb4.27.5&Prime; _module_preset=\u00a0\u00bbdefault\u00a0\u00bb custom_margin=\u00a0\u00bb|auto|2px|auto||\u00a0\u00bb custom_padding=\u00a0\u00bb8px|0px||0px|false|false\u00a0\u00bb global_colors_info=\u00a0\u00bb{}\u00a0\u00bb][et_pb_column type=\u00a0\u00bb1_3&Prime; _builder_version=\u00a0\u00bb4.27.5&Prime; _module_preset=\u00a0\u00bbdefault\u00a0\u00bb custom_padding=\u00a0\u00bb||||false|false\u00a0\u00bb global_colors_info=\u00a0\u00bb{}\u00a0\u00bb][et_pb_blurb title=\u00a0\u00bbUne expertise unique dans la r\u00e9glementation\u00a0\u00bb use_icon=\u00a0\u00bbon\u00a0\u00bb font_icon=\u00a0\u00bb&#xf00c;||fa||900&Prime; icon_color=\u00a0\u00bb#FFFFFF\u00a0\u00bb image_icon_background_color=\u00a0\u00bb#FF9933&Prime; icon_placement=\u00a0\u00bbleft\u00a0\u00bb image_icon_width=\u00a0\u00bb20px\u00a0\u00bb _builder_version=\u00a0\u00bb4.27.5&Prime; _module_preset=\u00a0\u00bbf0842acd-d976-43c6-8959-de5d27cf391b\u00a0\u00bb header_font=\u00a0\u00bbMontserrat|600|||||||\u00a0\u00bb header_text_color=\u00a0\u00bb#FF9933&Prime; body_font=\u00a0\u00bbMontserrat|500|||||||\u00a0\u00bb image_icon_custom_margin=\u00a0\u00bb0px|0px|0px|0px|false|false\u00a0\u00bb image_icon_custom_padding=\u00a0\u00bb0px||||false|false\u00a0\u00bb custom_margin=\u00a0\u00bb||30px||false|false\u00a0\u00bb border_radii_image=\u00a0\u00bbon|20px|20px|20px|20px\u00a0\u00bb border_width_all_image=\u00a0\u00bb3px\u00a0\u00bb border_color_all_image=\u00a0\u00bb#FF9933&Prime; global_colors_info=\u00a0\u00bb{}\u00a0\u00bb]<\/p>\n<p>B\u00e9n\u00e9ficiez d\u2019une expertise accrue des principaux textes : DTU, CPT, Avis Techniques\u2026. Vous identifierez les subtilit\u00e9s et r\u00e9partirez avec une interpr\u00e9tation claire, directement applicable sur vos chantiers.<\/p>\n<p>[\/et_pb_blurb][\/et_pb_column][et_pb_column type=\u00a0\u00bb1_3&Prime; _builder_version=\u00a0\u00bb4.27.5&Prime; _module_preset=\u00a0\u00bbdefault\u00a0\u00bb custom_padding=\u00a0\u00bb||||false|false\u00a0\u00bb global_colors_info=\u00a0\u00bb{}\u00a0\u00bb][et_pb_blurb title=\u00a0\u00bbUn regard d\u2019expert judiciaire\u00a0\u00bb use_icon=\u00a0\u00bbon\u00a0\u00bb font_icon=\u00a0\u00bb&#xf00c;||fa||900&Prime; icon_color=\u00a0\u00bb#FFFFFF\u00a0\u00bb image_icon_background_color=\u00a0\u00bb#FF9933&Prime; icon_placement=\u00a0\u00bbleft\u00a0\u00bb image_icon_width=\u00a0\u00bb20px\u00a0\u00bb _builder_version=\u00a0\u00bb4.27.5&Prime; _module_preset=\u00a0\u00bbf0842acd-d976-43c6-8959-de5d27cf391b\u00a0\u00bb header_font=\u00a0\u00bbMontserrat|600|||||||\u00a0\u00bb header_text_color=\u00a0\u00bb#FF9933&Prime; body_font=\u00a0\u00bbMontserrat|500|||||||\u00a0\u00bb image_icon_custom_margin=\u00a0\u00bb0px|0px|0px|0px|false|false\u00a0\u00bb image_icon_custom_padding=\u00a0\u00bb0px||||false|false\u00a0\u00bb custom_margin=\u00a0\u00bb||30px||false|false\u00a0\u00bb border_radii_image=\u00a0\u00bbon|20px|20px|20px|20px\u00a0\u00bb border_width_all_image=\u00a0\u00bb3px\u00a0\u00bb border_color_all_image=\u00a0\u00bb#FF9933&Prime; global_colors_info=\u00a0\u00bb{}\u00a0\u00bb]<\/p>\n<p>Au-del\u00e0 de la th\u00e9orie, nos formations int\u00e8grent les<br \/>enjeux juridiques. Vous comprendrez non seulement ce que disent les normes, mais aussi comment elles s\u2019appliquent concr\u00e8tement en cas de litige ou d\u2019expertise.<\/p>\n<p>[\/et_pb_blurb][\/et_pb_column][et_pb_column type=\u00a0\u00bb1_3&Prime; _builder_version=\u00a0\u00bb4.27.5&Prime; _module_preset=\u00a0\u00bbdefault\u00a0\u00bb custom_padding=\u00a0\u00bb||||false|false\u00a0\u00bb global_colors_info=\u00a0\u00bb{}\u00a0\u00bb][et_pb_blurb title=\u00a0\u00bbUne v\u00e9ritable exp\u00e9rience du terrain\u00a0\u00bb use_icon=\u00a0\u00bbon\u00a0\u00bb font_icon=\u00a0\u00bb&#xf00c;||fa||900&Prime; icon_color=\u00a0\u00bb#FFFFFF\u00a0\u00bb image_icon_background_color=\u00a0\u00bb#FF9933&Prime; icon_placement=\u00a0\u00bbleft\u00a0\u00bb image_icon_width=\u00a0\u00bb20px\u00a0\u00bb _builder_version=\u00a0\u00bb4.27.5&Prime; _module_preset=\u00a0\u00bbf0842acd-d976-43c6-8959-de5d27cf391b\u00a0\u00bb header_font=\u00a0\u00bbMontserrat|600|||||||\u00a0\u00bb header_text_color=\u00a0\u00bb#FF9933&Prime; body_font=\u00a0\u00bbMontserrat|500|||||||\u00a0\u00bb image_icon_custom_margin=\u00a0\u00bb0px|0px|0px|0px|false|false\u00a0\u00bb image_icon_custom_padding=\u00a0\u00bb0px||||false|false\u00a0\u00bb custom_margin=\u00a0\u00bb||30px||false|false\u00a0\u00bb border_radii_image=\u00a0\u00bbon|20px|20px|20px|20px\u00a0\u00bb border_width_all_image=\u00a0\u00bb3px\u00a0\u00bb border_color_all_image=\u00a0\u00bb#FF9933&Prime; global_colors_info=\u00a0\u00bb{}\u00a0\u00bb]<\/p>\n<p>Chaque formation s\u2019appuie sur des cas concrets et des situations rencontr\u00e9es au quotidien par les professionnels. Cette connaissance pratique nourrit chaque formation et vous donne des solutions<br \/>applicables imm\u00e9diatement.<\/p>\n<p>[\/et_pb_blurb][\/et_pb_column][\/et_pb_row][\/et_pb_section][et_pb_section fb_built=\u00a0\u00bb1&Prime; _builder_version=\u00a0\u00bb4.27.5&Prime; _module_preset=\u00a0\u00bbdefault\u00a0\u00bb background_color=\u00a0\u00bbrgba(0,160,56,0.08)\u00a0\u00bb min_height=\u00a0\u00bb674.9px\u00a0\u00bb custom_margin=\u00a0\u00bb1px||2px|||\u00a0\u00bb custom_padding=\u00a0\u00bb40px|||||\u00a0\u00bb global_colors_info=\u00a0\u00bb{}\u00a0\u00bb][et_pb_row _builder_version=\u00a0\u00bb4.24.3&Prime; _module_preset=\u00a0\u00bbdefault\u00a0\u00bb background_color=\u00a0\u00bbRGBA(255,255,255,0)\u00a0\u00bb custom_padding=\u00a0\u00bb5px|||||\u00a0\u00bb global_colors_info=\u00a0\u00bb{}\u00a0\u00bb][et_pb_column type=\u00a0\u00bb4_4&Prime; _builder_version=\u00a0\u00bb4.24.3&Prime; _module_preset=\u00a0\u00bbdefault\u00a0\u00bb global_colors_info=\u00a0\u00bb{}\u00a0\u00bb][et_pb_text admin_label=\u00a0\u00bbTitle\u00a0\u00bb _builder_version=\u00a0\u00bb4.27.5&Prime; text_font=\u00a0\u00bbMontserrat||||||||\u00a0\u00bb text_text_color=\u00a0\u00bb#747d88&Prime; text_font_size=\u00a0\u00bb16px\u00a0\u00bb text_line_height=\u00a0\u00bb1.9em\u00a0\u00bb header_font=\u00a0\u00bb||||||||\u00a0\u00bb header_2_font=\u00a0\u00bbMontserrat|700||on|||||\u00a0\u00bb header_2_text_color=\u00a0\u00bb#008080&Prime; header_2_font_size=\u00a0\u00bb42px\u00a0\u00bb header_2_line_height=\u00a0\u00bb1.3em\u00a0\u00bb text_orientation=\u00a0\u00bbcenter\u00a0\u00bb max_width=\u00a0\u00bb800px\u00a0\u00bb module_alignment=\u00a0\u00bbcenter\u00a0\u00bb animation_style=\u00a0\u00bbslide\u00a0\u00bb animation_direction=\u00a0\u00bbbottom\u00a0\u00bb animation_intensity_slide=\u00a0\u00bb4%\u00a0\u00bb global_colors_info=\u00a0\u00bb{}\u00a0\u00bb]<\/p>\n<h2><span style=\"color: #ff6600;\">NOS FORMATIONS 2026\u00a0<\/span><\/h2>\n<p>[\/et_pb_text][et_pb_text admin_label=\u00a0\u00bbTitle\u00a0\u00bb _builder_version=\u00a0\u00bb4.27.5&Prime; text_font=\u00a0\u00bbMontserrat||||||||\u00a0\u00bb text_text_color=\u00a0\u00bb#747d88&Prime; text_font_size=\u00a0\u00bb16px\u00a0\u00bb text_line_height=\u00a0\u00bb1.9em\u00a0\u00bb header_font=\u00a0\u00bb||||||||\u00a0\u00bb header_2_font=\u00a0\u00bbMontserrat|700||on|||||\u00a0\u00bb header_2_text_color=\u00a0\u00bb#008080&Prime; header_2_font_size=\u00a0\u00bb42px\u00a0\u00bb header_2_line_height=\u00a0\u00bb1.3em\u00a0\u00bb text_orientation=\u00a0\u00bbcenter\u00a0\u00bb max_width=\u00a0\u00bb800px\u00a0\u00bb module_alignment=\u00a0\u00bbcenter\u00a0\u00bb animation_style=\u00a0\u00bbslide\u00a0\u00bb animation_direction=\u00a0\u00bbbottom\u00a0\u00bb animation_intensity_slide=\u00a0\u00bb4%\u00a0\u00bb global_colors_info=\u00a0\u00bb{}\u00a0\u00bb]<\/p>\n<p style=\"text-align: center;\"><strong>Toutes nos formations comprennent les repas, les pauses gourmandes, la location de la salle &amp; les dossiers techniques papier.<\/strong><br \/><strong>Lieu de formation : 46 avenue du 14 juillet, 79000 Niort.<\/strong><\/p>\n<p>[\/et_pb_text][ba_dual_button btn_alignment=\u00a0\u00bbcenter\u00a0\u00bb btn_a_text=\u00a0\u00bbConsulter le catalogue\u00a0\u00bb btn_a_link=\u00a0\u00bbhttps:\/\/install-bois.pro\/wp-content\/uploads\/2025\/09\/Install-Bois-Formations-2025-2026.pdf\u00a0\u00bb btn_a_link_target=\u00a0\u00bb_blank\u00a0\u00bb btn_b_text=\u00a0\u00bbT\u00e9l\u00e9charger le bulletin d&rsquo;inscription\u00a0\u00bb btn_b_link=\u00a0\u00bbhttps:\/\/install-bois.pro\/wp-content\/uploads\/2026\/01\/Bulletin-dinscription-InstallBOIS-Formations-2026.pdf\u00a0\u00bb button_gap=\u00a0\u00bb65px\u00a0\u00bb _builder_version=\u00a0\u00bb4.27.5&Prime; _module_preset=\u00a0\u00bbdefault\u00a0\u00bb background_color=\u00a0\u00bbRGBA(255,255,255,0)\u00a0\u00bb custom_btn_a=\u00a0\u00bbon\u00a0\u00bb btn_a_text_color=\u00a0\u00bb#FF6600&Prime; btn_a_border_width=\u00a0\u00bb4px\u00a0\u00bb btn_a_border_radius=\u00a0\u00bb100px\u00a0\u00bb custom_btn_b=\u00a0\u00bbon\u00a0\u00bb btn_b_text_color=\u00a0\u00bb#FF6600&Prime; btn_b_bg_color=\u00a0\u00bbRGBA(255,255,255,0)\u00a0\u00bb btn_b_border_width=\u00a0\u00bb4px\u00a0\u00bb btn_b_border_color=\u00a0\u00bb#FF6600&Prime; btn_b_border_radius=\u00a0\u00bb100px\u00a0\u00bb custom_margin=\u00a0\u00bb||-24px|||\u00a0\u00bb link_option_url=\u00a0\u00bbhttps:\/\/zcal.co\/louis-liano\/install-bois\u00a0\u00bb link_option_url_new_window=\u00a0\u00bbon\u00a0\u00bb hover_enabled=\u00a0\u00bb0&Prime; global_colors_info=\u00a0\u00bb{}\u00a0\u00bb btn_b_link_target=\u00a0\u00bb_blank\u00a0\u00bb sticky_enabled=\u00a0\u00bb0&Prime;][\/ba_dual_button][\/et_pb_column][\/et_pb_row][et_pb_row column_structure=\u00a0\u00bb1_3,1_3,1_3&Prime; use_custom_gutter=\u00a0\u00bbon\u00a0\u00bb gutter_width=\u00a0\u00bb2&Prime; make_equal=\u00a0\u00bbon\u00a0\u00bb _builder_version=\u00a0\u00bb4.27.5&Prime; _module_preset=\u00a0\u00bbdefault\u00a0\u00bb width=\u00a0\u00bb100%\u00a0\u00bb max_width=\u00a0\u00bb1500px\u00a0\u00bb custom_margin=\u00a0\u00bb||||false|false\u00a0\u00bb custom_padding=\u00a0\u00bb|10px|0px|10px|false|false\u00a0\u00bb global_colors_info=\u00a0\u00bb{}\u00a0\u00bb][et_pb_column type=\u00a0\u00bb1_3&Prime; _builder_version=\u00a0\u00bb4.27.5&Prime; _module_preset=\u00a0\u00bbdefault\u00a0\u00bb background_color=\u00a0\u00bb#FFFFFF\u00a0\u00bb custom_padding=\u00a0\u00bb10px|10px|10px|10px|false|false\u00a0\u00bb border_width_all=\u00a0\u00bb3px\u00a0\u00bb border_color_all=\u00a0\u00bb#FF6600&Prime; global_colors_info=\u00a0\u00bb{}\u00a0\u00bb][et_pb_text _builder_version=\u00a0\u00bb4.27.5&Prime; _module_preset=\u00a0\u00bbdefault\u00a0\u00bb header_2_font=\u00a0\u00bb|600||on|||||\u00a0\u00bb header_2_text_color=\u00a0\u00bb#FF6600&Prime; custom_padding=\u00a0\u00bb23px|11px||11px||\u00a0\u00bb global_colors_info=\u00a0\u00bb{}\u00a0\u00bb]<\/p>\n<h2 style=\"text-align: center;\">Formation :<\/h2>\n<h2 style=\"text-align: center;\">Installation des po\u00eales et inserts bois &amp; granul\u00e9s<\/p>\n<p>2 jours<span style=\"font-size: 14px; text-align: left; color: #666666; font-weight: 500;\">\u00a0<\/span><\/h2>\n<p>[\/et_pb_text][et_pb_icon font_icon=\u00a0\u00bb&#xe074;||divi||400&Prime; icon_color=\u00a0\u00bb#FF6600&Prime; _builder_version=\u00a0\u00bb4.27.5&Prime; _module_preset=\u00a0\u00bbdefault\u00a0\u00bb global_colors_info=\u00a0\u00bb{}\u00a0\u00bb][\/et_pb_icon][et_pb_text _builder_version=\u00a0\u00bb4.27.5&Prime; _module_preset=\u00a0\u00bbdefault\u00a0\u00bb custom_padding=\u00a0\u00bb|11px||11px||\u00a0\u00bb global_colors_info=\u00a0\u00bb{}\u00a0\u00bb]<\/p>\n<p style=\"text-align: center;\"><strong>Fondamentaux techniques et r\u00e9glementaires pour une installation conforme et s\u00e9curis\u00e9e<\/strong><\/p>\n<p style=\"text-align: center;\"><span style=\"color: #ff6600;\"><strong>PROCHAINES DATES :<\/strong><\/span><\/p>\n<p style=\"text-align: center;\"><strong>10-11 mars 2026 &#8211; 690\u20ac HT<\/strong><br \/><strong>04-05 juin 2026 &#8211; 690\u20ac HT<\/strong><\/p>\n<p style=\"text-align: center;\"><strong><\/strong><\/p>\n<p>[\/et_pb_text][et_pb_accordion open_toggle_text_color=\u00a0\u00bb#FF6600&Prime; closed_toggle_text_color=\u00a0\u00bb#FF6600&Prime; toggle_icon=\u00a0\u00bb&#x41;||divi||400&Prime; icon_color=\u00a0\u00bb#FF9933&Prime; _builder_version=\u00a0\u00bb4.27.5&Prime; _module_preset=\u00a0\u00bbdefault\u00a0\u00bb toggle_text_color=\u00a0\u00bb#FF6600&Prime; custom_margin=\u00a0\u00bb-12px|||||\u00a0\u00bb global_colors_info=\u00a0\u00bb{}\u00a0\u00bb][et_pb_accordion_item title=\u00a0\u00bbConcretement :\u00a0\u00bb open=\u00a0\u00bbon\u00a0\u00bb _builder_version=\u00a0\u00bb4.27.5&Prime; _module_preset=\u00a0\u00bbdefault\u00a0\u00bb global_colors_info=\u00a0\u00bb{}\u00a0\u00bb]<\/p>\n<p style=\"text-align: left;\">Installer un po\u00eale ou un insert, c\u2019est avant tout garantir la satisfaction et s\u00e9curit\u00e9 des usagers, la performance \u00e9nerg\u00e9tique et le respect des normes en vigueur.<\/p>\n<p style=\"text-align: left;\">Cette formation propose une approche structur\u00e9e et concr\u00e8te, adapt\u00e9e aux installateurs, techniciens et artisans souhaitant consolider leurs acquis et s\u00e9curiser leurs pratiques.<\/p>\n<p style=\"text-align: left;\">Cette formation offre les bases techniques indispensables, tout en int\u00e9grant les aspects r\u00e9glementaires et pratiques du m\u00e9tier. Elle\u00a0 constitue \u00e9galement une excellente opportunit\u00e9 pour les technico-commerciaux et responsables d\u2019\u00e9quipes de mieux comprendre les contraintes d\u2019installation.<\/p>\n<p>[\/et_pb_accordion_item][et_pb_accordion_item title=\u00a0\u00bbObjectifs p\u00e9dagogiques\u00a0\u00bb _builder_version=\u00a0\u00bb4.27.5&Prime; _module_preset=\u00a0\u00bbdefault\u00a0\u00bb global_colors_info=\u00a0\u00bb{}\u00a0\u00bb open=\u00a0\u00bboff\u00a0\u00bb]<\/p>\n<p>&#8211; Savoir expliquer le fonctionnement des po\u00eales et inserts \u00e0 b\u00fbches et granul\u00e9s,<br \/>&#8211; Savoir concevoir leur installation avec son conduit de fum\u00e9e et tubage,<br \/>&#8211; Conna\u00eetre les r\u00e8gles d&rsquo;installation,<br \/>&#8211; Savoir mettre en service, r\u00e9ceptionner et expliquer l&rsquo;entretien,<br \/>&#8211; Savoir diagnostiquer un dysfonctionnement et le r\u00e9soudre.<\/p>\n<p>[\/et_pb_accordion_item][et_pb_accordion_item title=\u00a0\u00bbPublic concern\u00e9\u00a0\u00bb _builder_version=\u00a0\u00bb4.27.5&Prime; _module_preset=\u00a0\u00bbdefault\u00a0\u00bb global_colors_info=\u00a0\u00bb{}\u00a0\u00bb open=\u00a0\u00bboff\u00a0\u00bb]<\/p>\n<p>Cette formation s\u2019adresse aux professionnels du chauffage au bois :<br \/>Installateurs de po\u00eales, \u00e2triers, ramoneurs, Technico-commerciaux,<br \/>Responsables techniques et techniciens SAV, Artisans, g\u00e9rants et chefs d\u2019entreprise<\/p>\n<p>[\/et_pb_accordion_item][et_pb_accordion_item title=\u00a0\u00bbPr\u00e9requis\u00a0\u00bb _builder_version=\u00a0\u00bb4.27.5&Prime; _module_preset=\u00a0\u00bbdefault\u00a0\u00bb global_colors_info=\u00a0\u00bb{}\u00a0\u00bb open=\u00a0\u00bboff\u00a0\u00bb]<\/p>\n<p>Une premi\u00e8re exp\u00e9rience dans la pose de po\u00eales est conseill\u00e9e avant<br \/>de suivre cette formation.<\/p>\n<p>[\/et_pb_accordion_item][et_pb_accordion_item title=\u00a0\u00bbProgramme complet\u00a0\u00bb _builder_version=\u00a0\u00bb4.27.5&Prime; _module_preset=\u00a0\u00bbdefault\u00a0\u00bb global_colors_info=\u00a0\u00bb{}\u00a0\u00bb open=\u00a0\u00bboff\u00a0\u00bb]<\/p>\n<p><strong>1. G\u00e9n\u00e9ralit\u00e9s<\/strong><\/p>\n<ul>\n<li>Typologie des po\u00eales et inserts<\/li>\n<li>Combustibles : bois b\u00fbches (naturelles et densifi\u00e9es), granul\u00e9s<\/li>\n<li>Le bois parmi les \u00e9nergies renouvelables et comparatif des co\u00fbts \u00e9nerg\u00e9tiques<\/li>\n<\/ul>\n<p>&nbsp;<\/p>\n<p><strong>2. Conception de l\u2019installation<\/strong><\/p>\n<ul>\n<li>D\u00e9termination de la puissance de l\u2019appareil<\/li>\n<li>D\u00e9signation et dimensionnement des conduits de fum\u00e9e<\/li>\n<li>Int\u00e9gration des exigences r\u00e9glementaires du b\u00e2timent (RT 2012 et RE 2020)<\/li>\n<\/ul>\n<p>&nbsp;<\/p>\n<p><strong>3. Mise en oeuvre des conduits de fum\u00e9e<\/strong><\/p>\n<ul>\n<li>Rappel des textes r\u00e9glementaires applicables<\/li>\n<li>Principes et r\u00e8gles de mise en \u0153uvre<\/li>\n<\/ul>\n<p>&nbsp;<\/p>\n<p><strong>4. Mise en oeuvre des tubages<\/strong><\/p>\n<ul>\n<li>D\u00e9finition et r\u00f4le du tubage<\/li>\n<li>Conception et r\u00e9glementation associ\u00e9e<\/li>\n<li>R\u00e8gles pratiques de mise en \u0153uvre<\/li>\n<\/ul>\n<p>&nbsp;<\/p>\n<p><strong>5. Mise en oeuvre des po\u00eales et inserts<\/strong><\/p>\n<ul>\n<li>Rappel de la r\u00e9glementation<\/li>\n<li>Lecture et application des notices constructeurs<\/li>\n<li>Gestion de l\u2019amen\u00e9e d\u2019air comburant<\/li>\n<li>Mise en oeuvre des po\u00eales et inserts \u00e0 granul\u00e9s puis b\u00fbches<\/li>\n<li>V\u00e9rifications pr\u00e9alables, protections des parois, rayonnement, conduits de raccordement<\/li>\n<\/ul>\n<p>&nbsp;<\/p>\n<p><strong>6. Mise en service, r\u00e9ception et entretien<\/strong><\/p>\n<ul>\n<li>V\u00e9rifications et \u00e9tapes de mise en route<\/li>\n<li>Proc\u00e9dure de r\u00e9ception et consignes \u00e0 transmettre au client<\/li>\n<li>Bonnes pratiques d\u2019entretien et de suivi<\/li>\n<\/ul>\n<p>&nbsp;<\/p>\n<p><strong>7. Diagnostic des dysfonctionnements<\/strong><\/p>\n<ul>\n<li>Identification des anomalies les plus courantes<\/li>\n<li>M\u00e9thodes de diagnostic et solutions adapt\u00e9es<\/li>\n<\/ul>\n<p>[\/et_pb_accordion_item][\/et_pb_accordion][\/et_pb_column][et_pb_column type=\u00a0\u00bb1_3&Prime; _builder_version=\u00a0\u00bb4.27.5&Prime; _module_preset=\u00a0\u00bbdefault\u00a0\u00bb background_color=\u00a0\u00bb#FFFFFF\u00a0\u00bb custom_padding=\u00a0\u00bb10px|10px|10px|10px|false|false\u00a0\u00bb border_width_all=\u00a0\u00bb3px\u00a0\u00bb border_color_all=\u00a0\u00bb#009999&Prime; global_colors_info=\u00a0\u00bb{}\u00a0\u00bb][et_pb_text _builder_version=\u00a0\u00bb4.27.5&Prime; _module_preset=\u00a0\u00bbdefault\u00a0\u00bb header_2_font=\u00a0\u00bb|600||on|||||\u00a0\u00bb header_2_text_color=\u00a0\u00bb#FF6600&Prime; custom_padding=\u00a0\u00bb25px|11px||11px||\u00a0\u00bb global_colors_info=\u00a0\u00bb{}\u00a0\u00bb]<\/p>\n<h2 style=\"text-align: center;\"><span style=\"color: #008080;\">Formation experte : <\/span><\/h2>\n<h2 style=\"text-align: center;\"><span style=\"color: #008080;\">Po\u00eales et inserts bois <br \/><\/span><span style=\"color: #008080;\">&amp; granul\u00e9s<\/p>\n<p>4 Jours<\/span><\/h2>\n<p>[\/et_pb_text][et_pb_icon font_icon=\u00a0\u00bb&#xf135;||fa||900&Prime; icon_color=\u00a0\u00bb#008080&Prime; _builder_version=\u00a0\u00bb4.27.5&Prime; _module_preset=\u00a0\u00bbdefault\u00a0\u00bb global_colors_info=\u00a0\u00bb{}\u00a0\u00bb][\/et_pb_icon][et_pb_text _builder_version=\u00a0\u00bb4.27.5&Prime; _module_preset=\u00a0\u00bbdefault\u00a0\u00bb custom_padding=\u00a0\u00bb|11px||11px||\u00a0\u00bb global_colors_info=\u00a0\u00bb{}\u00a0\u00bb]<\/p>\n<p style=\"text-align: center;\"><strong>Approfondissement technique et normatif pour experts, responsables et formateurs<\/strong><\/p>\n<p style=\"text-align: center;\"><span style=\"color: #008080;\"><strong>PROCHAINES <\/strong><strong>DATES :<\/strong><\/span><\/p>\n<p style=\"text-align: center;\"><strong><span style=\"color: #008080;\">COMPLET<\/span> : <span style=\"text-decoration: line-through;\"><em>24-27 mars 2026 &#8211; 1980\u20ac HT<\/em><\/span><br \/>23-26 juin 2026 &#8211; 1980\u20ac HT\u00a0<\/strong><\/p>\n<p>[\/et_pb_text][et_pb_accordion open_toggle_text_color=\u00a0\u00bb#008080&Prime; closed_toggle_text_color=\u00a0\u00bb#008080&Prime; toggle_icon=\u00a0\u00bb&#x41;||divi||400&Prime; icon_color=\u00a0\u00bb#008080&Prime; _builder_version=\u00a0\u00bb4.27.5&Prime; _module_preset=\u00a0\u00bbdefault\u00a0\u00bb global_colors_info=\u00a0\u00bb{}\u00a0\u00bb][et_pb_accordion_item title=\u00a0\u00bbConcretement : \u00a0\u00bb open=\u00a0\u00bbon\u00a0\u00bb _builder_version=\u00a0\u00bb4.27.5&Prime; _module_preset=\u00a0\u00bbdefault\u00a0\u00bb global_colors_info=\u00a0\u00bb{}\u00a0\u00bb]<\/p>\n<p style=\"text-align: left;\">Le secteur du chauffage au bois \u00e9volue rapidement et les professionnels amen\u00e9s \u00e0 occuper des fonctions d&rsquo;expertise ou d&rsquo;encadrement d&rsquo;une \u00e9quipe de techniciens doivent disposer de comp\u00e9tences techniques et normatives avanc\u00e9es, leur permettant d\u2019analyser, concevoir, contr\u00f4ler et justifier la conformit\u00e9 des installations.<\/p>\n<p style=\"text-align: left;\">Cette formation propose une approche approfondie et structur\u00e9e : elle s\u2019appuie sur des retours d\u2019exp\u00e9rience concrets, ainsi que toutes les informations techniques, normatives, r\u00e9glementaires et assurantielles en relation avec les r\u00e9alit\u00e9s du terrain, en se r\u00e9f\u00e9rant \u00e0 de nombreux cas d\u2019expertises et de jurisprudences.<\/p>\n<p style=\"text-align: left;\">Elle constitue un outil de consolidation des comp\u00e9tences pour les personnes qui souhaitent renforcer leur l\u00e9gitimit\u00e9 et assurer une ma\u00eetrise compl\u00e8te du domaine.<\/p>\n<p>[\/et_pb_accordion_item][et_pb_accordion_item title=\u00a0\u00bbObjectifs p\u00e9dagogiques\u00a0\u00bb _builder_version=\u00a0\u00bb4.27.5&Prime; _module_preset=\u00a0\u00bbdefault\u00a0\u00bb global_colors_info=\u00a0\u00bb{}\u00a0\u00bb open=\u00a0\u00bboff\u00a0\u00bb]<\/p>\n<p>&#8211; D\u00e9velopper des connaissances pouss\u00e9es en chauffage au bois pour assurer pleinement des fonctions d\u2019experts,<br \/>&#8211; Diagnostiquer et r\u00e9soudre des dysfonctionnements complexes,<br \/>&#8211; Connaissance approfondie des textes normatifs et r\u00e9glementaires.<\/p>\n<p>[\/et_pb_accordion_item][et_pb_accordion_item title=\u00a0\u00bbPublic concern\u00e9\u00a0\u00bb _builder_version=\u00a0\u00bb4.27.5&Prime; _module_preset=\u00a0\u00bbdefault\u00a0\u00bb global_colors_info=\u00a0\u00bb{}\u00a0\u00bb open=\u00a0\u00bboff\u00a0\u00bb]<\/p>\n<p>Experts judiciaires, techniciens exp\u00e9riment\u00e9s qui souhaitent aller plus loin dans la connaissance des normes et autres r\u00e8gles, et formateurs souhaitant devenir agr\u00e9\u00e9s Qualibois Air ou formateurs d\u00e9j\u00e0 agr\u00e9\u00e9s voulant mettre \u00e0 niveau leurs connaissances.<\/p>\n<p>[\/et_pb_accordion_item][et_pb_accordion_item title=\u00a0\u00bbPr\u00e9requis\u00a0\u00bb _builder_version=\u00a0\u00bb4.27.5&Prime; _module_preset=\u00a0\u00bbdefault\u00a0\u00bb global_colors_info=\u00a0\u00bb{}\u00a0\u00bb open=\u00a0\u00bboff\u00a0\u00bb]<\/p>\n<p>Poss\u00e9der une bonne exp\u00e9rience dans la pose de po\u00eales et\u00a0 inserts est conseill\u00e9 avant de suivre cette formation.<\/p>\n<p>[\/et_pb_accordion_item][et_pb_accordion_item title=\u00a0\u00bbProgramme complet\u00a0\u00bb _builder_version=\u00a0\u00bb4.27.5&Prime; _module_preset=\u00a0\u00bbdefault\u00a0\u00bb global_colors_info=\u00a0\u00bb{}\u00a0\u00bb open=\u00a0\u00bboff\u00a0\u00bb]<\/p>\n<ol>\n<li><strong>G\u00e9n\u00e9ralit\u00e9s<\/strong><\/li>\n<\/ol>\n<ul>\n<li>Panorama des po\u00eales et inserts (bois b\u00fbches, granul\u00e9s)<\/li>\n<li>Caract\u00e9ristiques des combustibles et incidences sur le fonctionnement<\/li>\n<li>Normes et r\u00e9glementation, les jurisprudences, les assurances, exemples d\u2019expertises<\/li>\n<\/ul>\n<p>&nbsp;<\/p>\n<ol start=\"2\">\n<li><strong>Conception de l\u2019installation<\/strong><\/li>\n<\/ol>\n<ul>\n<li>D\u00e9termination de la puissance adapt\u00e9e<\/li>\n<li>D\u00e9signation et dimensionnement des conduits de fum\u00e9e<\/li>\n<li>Int\u00e9gration des exigences r\u00e9glementaires du b\u00e2timent (RT 2012 et RE 2020)<\/li>\n<\/ul>\n<p>&nbsp;<\/p>\n<ol start=\"3\">\n<li><strong>Mise en oeuvre des conduits de fum\u00e9e<\/strong><\/li>\n<\/ol>\n<ul>\n<li>Rappel des textes r\u00e9glementaires applicables<\/li>\n<li>R\u00e8gles pratiques de conception et de pose<\/li>\n<\/ul>\n<p>&nbsp;<\/p>\n<ol start=\"4\">\n<li><strong>Mise en oeuvre des tubages<\/strong><\/li>\n<\/ol>\n<ul>\n<li>D\u00e9finition et r\u00f4le du tubage<\/li>\n<li>Conception et r\u00e9glementation associ\u00e9e<\/li>\n<li>R\u00e8gles d\u2019installation (tubages simples et isol\u00e9s)<\/li>\n<\/ul>\n<p>&nbsp;<\/p>\n<ol start=\"5\">\n<li><strong>Mise en oeuvre des po\u00eales et inserts<\/strong><\/li>\n<\/ol>\n<ul>\n<li>Lecture et application des notices constructeurs<\/li>\n<li>Exigences r\u00e9glementaires et normatives<\/li>\n<li>Gestion des amen\u00e9es d\u2019air comburant<\/li>\n<li>Installation : v\u00e9rifications pr\u00e9alables, protections, conduits de raccordement<\/li>\n<\/ul>\n<p>&nbsp;<\/p>\n<ol start=\"6\">\n<li><strong>Mise en service, r\u00e9ception et entretien<\/strong><\/li>\n<\/ol>\n<ul>\n<li>Proc\u00e9dures de contr\u00f4le et de r\u00e9ception<\/li>\n<li>V\u00e9rifications techniques et documentaires<\/li>\n<li>Organisation de l\u2019entretien p\u00e9riodique<\/li>\n<\/ul>\n<p>&nbsp;<\/p>\n<ol start=\"7\">\n<li><strong>Diagnostic des dysfonctionnements<\/strong><\/li>\n<\/ol>\n<ul>\n<li>Analyse des principales causes d\u2019anomalies (tirage, encrassement, condensation, etc.)<\/li>\n<li>M\u00e9thodologie d\u2019expertise<\/li>\n<li>\u00c9tudes de cas pratiques inspir\u00e9s de situations r\u00e9elles<\/li>\n<\/ul>\n<p>[\/et_pb_accordion_item][\/et_pb_accordion][\/et_pb_column][et_pb_column type=\u00a0\u00bb1_3&Prime; _builder_version=\u00a0\u00bb4.27.5&Prime; _module_preset=\u00a0\u00bbdefault\u00a0\u00bb background_color=\u00a0\u00bb#FFFFFF\u00a0\u00bb custom_padding=\u00a0\u00bb10px|10px|10px|10px|false|false\u00a0\u00bb border_width_all=\u00a0\u00bb3px\u00a0\u00bb border_color_all=\u00a0\u00bb#FFC000&Prime; global_colors_info=\u00a0\u00bb{}\u00a0\u00bb][et_pb_text _builder_version=\u00a0\u00bb4.27.5&Prime; _module_preset=\u00a0\u00bbdefault\u00a0\u00bb header_2_font=\u00a0\u00bb|600||on|||||\u00a0\u00bb header_2_text_color=\u00a0\u00bb#FFC000&Prime; custom_padding=\u00a0\u00bb26px|11px||11px||\u00a0\u00bb global_colors_info=\u00a0\u00bb{}\u00a0\u00bb]<\/p>\n<h2 style=\"text-align: center;\">Formation :<\/h2>\n<h2 style=\"text-align: center;\">Dimensionnement des conduits<br \/>de fum\u00e9e pour appareils \u00e0 bois<\/p>\n<p>2 JOURS<\/h2>\n<p>[\/et_pb_text][et_pb_icon font_icon=\u00a0\u00bb&#xf698;||fa||900&Prime; icon_color=\u00a0\u00bb#FFC000&Prime; _builder_version=\u00a0\u00bb4.27.5&Prime; _module_preset=\u00a0\u00bbdefault\u00a0\u00bb background_color=\u00a0\u00bb#FFFFFF\u00a0\u00bb global_colors_info=\u00a0\u00bb{}\u00a0\u00bb][\/et_pb_icon][et_pb_text _builder_version=\u00a0\u00bb4.27.5&Prime; _module_preset=\u00a0\u00bbdefault\u00a0\u00bb custom_padding=\u00a0\u00bb|11px||11px||\u00a0\u00bb hover_enabled=\u00a0\u00bb0&Prime; global_colors_info=\u00a0\u00bb{}\u00a0\u00bb sticky_enabled=\u00a0\u00bb0&Prime;]<\/p>\n<p style=\"text-align: center;\"><strong>Approche experte du calcul thermo-a\u00e9raulique et des r\u00e8gles normatives<\/strong><\/p>\n<p style=\"text-align: center;\"><span style=\"color: #ffc000;\"><strong>PROCHAINES DATES :<\/strong><\/span><\/p>\n<p style=\"text-align: center;\"><strong>23-24 avril 2026 &#8211; 860\u20ac HT<\/strong><\/p>\n<p>[\/et_pb_text][et_pb_accordion open_toggle_text_color=\u00a0\u00bb#FFC000&Prime; closed_toggle_text_color=\u00a0\u00bb#FFC000&Prime; toggle_icon=\u00a0\u00bb&#x41;||divi||400&Prime; icon_color=\u00a0\u00bb#FFC000&Prime; _builder_version=\u00a0\u00bb4.27.5&Prime; _module_preset=\u00a0\u00bbdefault\u00a0\u00bb toggle_text_color=\u00a0\u00bb#FFC000&Prime; global_colors_info=\u00a0\u00bb{}\u00a0\u00bb][et_pb_accordion_item title=\u00a0\u00bbConcretement : \u00a0\u00bb open=\u00a0\u00bbon\u00a0\u00bb _builder_version=\u00a0\u00bb4.27.5&Prime; _module_preset=\u00a0\u00bbdefault\u00a0\u00bb global_colors_info=\u00a0\u00bb{}\u00a0\u00bb]<\/p>\n<p style=\"text-align: left;\">Le dimensionnement des conduits de fum\u00e9e constitue l\u2019une des \u00e9tapes les plus sensibles et techniques dans la conception d\u2019une installation de chauffage au bois.<\/p>\n<p style=\"text-align: left;\">Un conduit mal dimensionn\u00e9 peut g\u00e9n\u00e9rer des dysfonctionnements graves : tirage insuffisant ou excessif, condensation, intoxication au monoxyde de carbone, encrassements et risques accrus de sinistre.<\/p>\n<p style=\"text-align: left;\">La ma\u00eetrise des principes physiques et la compr\u00e9hension des r\u00e8gles de calcul est donc indispensable pour garantir des installations performantes, conformes et durables.<\/p>\n<p style=\"text-align: left;\">Cette formation propose une approche approfondie du calcul. Elle associe apports th\u00e9oriques, analyse des limites normatives et exercices pratiques, pour permettre aux participants de concevoir des installations optimis\u00e9es et conformes au DTU 24.1 et \u00e0 la norme EN 13384-1.<\/p>\n<p>[\/et_pb_accordion_item][et_pb_accordion_item title=\u00a0\u00bbObjectifs p\u00e9dagogiques\u00a0\u00bb _builder_version=\u00a0\u00bb4.27.5&Prime; _module_preset=\u00a0\u00bbdefault\u00a0\u00bb global_colors_info=\u00a0\u00bb{}\u00a0\u00bb open=\u00a0\u00bboff\u00a0\u00bb]<\/p>\n<p>&#8211; Expliquer les ph\u00e9nom\u00e8nes de tirage thermique et de condensation,<br \/>&#8211; Comprendre les bases et limites du calcul thermo-a\u00e9raulique,<br \/>&#8211; Connaitre les r\u00e8gles de dimensionnement en fonction du type d\u2019appareil et de conduit,<br \/>&#8211; Identifier le diam\u00e8tre optimal et les conditions de tirage favorables,<br \/>&#8211; Ajuster un projet d\u2019installation pour le rendre conforme et performant.<\/p>\n<p>[\/et_pb_accordion_item][et_pb_accordion_item title=\u00a0\u00bbPublic concern\u00e9\u00a0\u00bb _builder_version=\u00a0\u00bb4.27.5&Prime; _module_preset=\u00a0\u00bbdefault\u00a0\u00bb global_colors_info=\u00a0\u00bb{}\u00a0\u00bb open=\u00a0\u00bboff\u00a0\u00bb]<\/p>\n<p>Installateurs de po\u00eales, \u00e2triers, technico-commerciaux, responsables techniques, SAV, ramoneurs, artisans, g\u00e9rants, chefs d&rsquo;entreprise.<\/p>\n<p>[\/et_pb_accordion_item][et_pb_accordion_item title=\u00a0\u00bbPr\u00e9requis\u00a0\u00bb _builder_version=\u00a0\u00bb4.27.5&Prime; _module_preset=\u00a0\u00bbdefault\u00a0\u00bb global_colors_info=\u00a0\u00bb{}\u00a0\u00bb open=\u00a0\u00bboff\u00a0\u00bb]<\/p>\n<p>Poss\u00e9der une exp\u00e9rience dans la pose de po\u00eales et inserts<br \/>est conseill\u00e9 avant de suivre cette formation.<\/p>\n<p>[\/et_pb_accordion_item][et_pb_accordion_item title=\u00a0\u00bbProgramme complet\u00a0\u00bb _builder_version=\u00a0\u00bb4.27.5&Prime; _module_preset=\u00a0\u00bbdefault\u00a0\u00bb global_colors_info=\u00a0\u00bb{}\u00a0\u00bb open=\u00a0\u00bboff\u00a0\u00bb]<\/p>\n<p><strong>\u00a0 \u00a0 \u00a0 1. G\u00e9n\u00e9ralit\u00e9s<\/strong><\/p>\n<ul>\n<li>Typologie des appareils \u00e0 bois (b\u00fbches et granul\u00e9s)<\/li>\n<li>Caract\u00e9ristiques et d\u00e9signation des conduits de fum\u00e9e et de raccordement<\/li>\n<li>Importance et finalit\u00e9 du dimensionnement<\/li>\n<\/ul>\n<p>&nbsp;<\/p>\n<ol start=\"2\">\n<li><strong>Principes du tirage thermique<\/strong><\/li>\n<\/ol>\n<ul>\n<li>Effet moteur du tirage thermique<\/li>\n<li>Pertes de charge et et leurs effets sur le calcul<\/li>\n<li>Influence des conditions d\u2019installation<\/li>\n<li>Cons\u00e9quences pratiques sur la conception des conduits<\/li>\n<\/ul>\n<p>&nbsp;<\/p>\n<ol start=\"3\">\n<li><strong>Principes de la condensation<\/strong><\/li>\n<\/ol>\n<ul>\n<li>Notion de point de ros\u00e9e<\/li>\n<li>Facteurs influen\u00e7ant le point de ros\u00e9e et la condensation<\/li>\n<li>Cons\u00e9quences pratiques sur la conception des conduits<\/li>\n<\/ul>\n<p>&nbsp;<\/p>\n<ol start=\"4\">\n<li><strong>La norme EN 13384-1 et ses limites<\/strong><\/li>\n<\/ol>\n<ul>\n<li>Domaine d\u2019application et obligations<\/li>\n<li>Options possibles et contraintes<\/li>\n<li>Cas particuliers : conduits concentriques et appareils mixtes<\/li>\n<\/ul>\n<p>&nbsp;<\/p>\n<ol start=\"5\">\n<li><strong>R\u00e8gles de dimensionnement<\/strong><\/li>\n<\/ol>\n<ul>\n<li>Cas des appareils \u00e0 b\u00fbches<\/li>\n<li>Tirage maximal<\/li>\n<li>Diam\u00e8tre minimal<\/li>\n<li>Impact de la position du d\u00e9bouch\u00e9 du conduit<\/li>\n<\/ul>\n<p>&nbsp;<\/p>\n<ol start=\"6\">\n<li><strong>Exercices pratiques et \u00e9tudes de cas<\/strong><\/li>\n<\/ol>\n<ul>\n<li>Mise en application sur diff\u00e9rents types d\u2019installations<\/li>\n<li>Cas de figure crois\u00e9s avec appareils \u00e0 b\u00fbches ou granul\u00e9s<\/li>\n<li>Conduits simples, concentriques et autres<\/li>\n<li>Influence des types d\u2019amen\u00e9e d\u2019air comburant<\/li>\n<li>Corrections et \u00e9changes collectifs<\/li>\n<\/ul>\n<p>[\/et_pb_accordion_item][\/et_pb_accordion][\/et_pb_column][\/et_pb_row][et_pb_row _builder_version=\u00a0\u00bb4.24.3&Prime; _module_preset=\u00a0\u00bbdefault\u00a0\u00bb background_color=\u00a0\u00bbRGBA(255,255,255,0)\u00a0\u00bb custom_padding=\u00a0\u00bb5px|||||\u00a0\u00bb global_colors_info=\u00a0\u00bb{}\u00a0\u00bb][et_pb_column type=\u00a0\u00bb4_4&Prime; _builder_version=\u00a0\u00bb4.24.3&Prime; _module_preset=\u00a0\u00bbdefault\u00a0\u00bb global_colors_info=\u00a0\u00bb{}\u00a0\u00bb][ba_dual_button btn_alignment=\u00a0\u00bbcenter\u00a0\u00bb btn_a_text=\u00a0\u00bbConsulter le catalogue\u00a0\u00bb btn_a_link=\u00a0\u00bbhttps:\/\/install-bois.pro\/wp-content\/uploads\/2025\/09\/Install-Bois-Formations-2025-2026.pdf\u00a0\u00bb btn_a_link_target=\u00a0\u00bb_blank\u00a0\u00bb btn_b_text=\u00a0\u00bbT\u00e9l\u00e9charger le bulletin d&rsquo;inscription\u00a0\u00bb btn_b_link=\u00a0\u00bbhttps:\/\/install-bois.pro\/wp-content\/uploads\/2026\/01\/Bulletin-dinscription-InstallBOIS-Formations-2026.pdf\u00a0\u00bb button_gap=\u00a0\u00bb65px\u00a0\u00bb _builder_version=\u00a0\u00bb4.27.5&Prime; _module_preset=\u00a0\u00bbdefault\u00a0\u00bb background_color=\u00a0\u00bbRGBA(255,255,255,0)\u00a0\u00bb custom_btn_a=\u00a0\u00bbon\u00a0\u00bb btn_a_text_color=\u00a0\u00bb#FF6600&Prime; btn_a_border_width=\u00a0\u00bb4px\u00a0\u00bb btn_a_border_radius=\u00a0\u00bb100px\u00a0\u00bb custom_btn_b=\u00a0\u00bbon\u00a0\u00bb btn_b_text_color=\u00a0\u00bb#FF6600&Prime; btn_b_bg_color=\u00a0\u00bbRGBA(255,255,255,0)\u00a0\u00bb btn_b_border_width=\u00a0\u00bb4px\u00a0\u00bb btn_b_border_color=\u00a0\u00bb#FF6600&Prime; btn_b_border_radius=\u00a0\u00bb100px\u00a0\u00bb custom_margin=\u00a0\u00bb82px||-24px|||\u00a0\u00bb link_option_url=\u00a0\u00bbhttps:\/\/zcal.co\/louis-liano\/install-bois\u00a0\u00bb link_option_url_new_window=\u00a0\u00bbon\u00a0\u00bb hover_enabled=\u00a0\u00bb0&Prime; global_colors_info=\u00a0\u00bb{}\u00a0\u00bb btn_b_link_target=\u00a0\u00bb_blank\u00a0\u00bb sticky_enabled=\u00a0\u00bb0&Prime;][\/ba_dual_button][\/et_pb_column][\/et_pb_row][\/et_pb_section][et_pb_section fb_built=\u00a0\u00bb1&Prime; _builder_version=\u00a0\u00bb4.27.5&Prime; _module_preset=\u00a0\u00bbdefault\u00a0\u00bb custom_margin=\u00a0\u00bb-27px|||||\u00a0\u00bb global_colors_info=\u00a0\u00bb{}\u00a0\u00bb][et_pb_row column_structure=\u00a0\u00bb2_5,3_5&Prime; _builder_version=\u00a0\u00bb4.27.5&Prime; _module_preset=\u00a0\u00bbdefault\u00a0\u00bb global_colors_info=\u00a0\u00bb{}\u00a0\u00bb][et_pb_column type=\u00a0\u00bb2_5&Prime; _builder_version=\u00a0\u00bb4.27.5&Prime; _module_preset=\u00a0\u00bbdefault\u00a0\u00bb background_color=\u00a0\u00bbrgba(255,192,0,0.06)\u00a0\u00bb custom_padding=\u00a0\u00bb|10px||10px|false|false\u00a0\u00bb border_color_all=\u00a0\u00bb#FF6600&Prime; global_colors_info=\u00a0\u00bb{}\u00a0\u00bb][et_pb_text _builder_version=\u00a0\u00bb4.27.5&Prime; _module_preset=\u00a0\u00bbdefault\u00a0\u00bb header_2_font=\u00a0\u00bb|600||on|||||\u00a0\u00bb header_2_text_color=\u00a0\u00bb#FF6600&Prime; custom_padding=\u00a0\u00bb23px|11px||0px||\u00a0\u00bb global_colors_info=\u00a0\u00bb{}\u00a0\u00bb]<\/p>\n<h2 style=\"text-align: center;\">VOTRE FORMATEUR EXPERT <span style=\"font-size: 14px; text-align: left; color: #666666; font-weight: 500;\"><\/span><\/h2>\n<p>[\/et_pb_text][et_pb_image src=\u00a0\u00bbhttps:\/\/install-bois.pro\/wp-content\/uploads\/2024\/05\/Philippe_Bourgoin.png\u00a0\u00bb title_text=\u00a0\u00bbPhilippe_Bourgoin\u00a0\u00bb _builder_version=\u00a0\u00bb4.27.5&Prime; _module_preset=\u00a0\u00bbdefault\u00a0\u00bb width=\u00a0\u00bb50%\u00a0\u00bb module_alignment=\u00a0\u00bbcenter\u00a0\u00bb global_colors_info=\u00a0\u00bb{}\u00a0\u00bb][\/et_pb_image][et_pb_text _builder_version=\u00a0\u00bb4.27.5&Prime; _module_preset=\u00a0\u00bbdefault\u00a0\u00bb global_colors_info=\u00a0\u00bb{}\u00a0\u00bb]<\/p>\n<p><span style=\"color: #ff6600;\"><strong>PHILIPPE BOURGOIN<\/strong><\/span><\/p>\n<p><strong>Expert reconnu dans le secteur du chauffage au bois domestique et des conduits de fum\u00e9es.<\/strong><\/p>\n<p>[\/et_pb_text][et_pb_text _builder_version=\u00a0\u00bb4.27.5&Prime; _module_preset=\u00a0\u00bbdefault\u00a0\u00bb global_colors_info=\u00a0\u00bb{}\u00a0\u00bb]<\/p>\n<p><span style=\"color: #ff6600;\"><strong>CV<\/strong><\/span><\/p>\n<p>Ing\u00e9nieur dipl\u00f4m\u00e9 de l&rsquo;ENSAIS-INSA de Strasbourg en sp\u00e9cialit\u00e9 g\u00e9nie climatique et \u00e9nerg\u00e9tique, il est notamment :<\/p>\n<p>&#8211; Expert judiciaire pr\u00e8s la Cour d&rsquo;Appel de Poitiers (rubrique \u00ab\u00a0C-01.26 Thermique\u00a0\u00bb) et membre du CNCEJ,<br \/>&#8211; Membre des commissions de r\u00e9daction des normes de mise en oeuvre NF DTU 24.1 et NF DTU 24.2,<br \/>&#8211; Expert du GS 14 (Groupe Sp\u00e9cialis\u00e9) qui d\u00e9livre des Avis Techniques sur les installations de combustion et les conduits de fum\u00e9e,<br \/>&#8211; Formateur et formateur de formateurs Qualibois vecteur air,<br \/>&#8211; Ex-membre de plusieurs commissions de normalisations europ\u00e9ennes relatives aux appareils \u00e0 bois ou aux conduits de fum\u00e9e.<br \/>&#8211; Ex-directeur technique chez plusieurs fabricants d&rsquo;appareils \u00e0 bois.<\/p>\n<p>[\/et_pb_text][\/et_pb_column][et_pb_column type=\u00a0\u00bb3_5&Prime; _builder_version=\u00a0\u00bb4.27.5&Prime; _module_preset=\u00a0\u00bbdefault\u00a0\u00bb global_colors_info=\u00a0\u00bb{}\u00a0\u00bb][et_pb_text _builder_version=\u00a0\u00bb4.27.5&Prime; _module_preset=\u00a0\u00bbdefault\u00a0\u00bb header_2_font=\u00a0\u00bb|600||on|||||\u00a0\u00bb header_2_text_color=\u00a0\u00bb#FF6600&Prime; custom_padding=\u00a0\u00bb23px|11px||0px||\u00a0\u00bb global_colors_info=\u00a0\u00bb{}\u00a0\u00bb]<\/p>\n<h2 style=\"text-align: center;\"><span style=\"color: #ffc000;\"><strong>ORGANISATION DES FORMATIONS <br \/>&amp; SUIVI OPTIMIS\u00c9S<\/strong><\/span><span style=\"font-size: 14px; text-align: left; color: #666666; font-weight: 500;\"><\/span><\/h2>\n<p>[\/et_pb_text][et_pb_blurb title=\u00a0\u00bbMoyens p\u00e9dagogiques\u00a0\u00bb use_icon=\u00a0\u00bbon\u00a0\u00bb font_icon=\u00a0\u00bb&#xf00c;||fa||900&Prime; icon_color=\u00a0\u00bb#FFFFFF\u00a0\u00bb image_icon_background_color=\u00a0\u00bb#FFC000&Prime; icon_placement=\u00a0\u00bbleft\u00a0\u00bb image_icon_width=\u00a0\u00bb20px\u00a0\u00bb _builder_version=\u00a0\u00bb4.27.5&Prime; _module_preset=\u00a0\u00bbf0842acd-d976-43c6-8959-de5d27cf391b\u00a0\u00bb header_font=\u00a0\u00bbMontserrat|600|||||||\u00a0\u00bb header_text_color=\u00a0\u00bb#FFC000&Prime; header_font_size=\u00a0\u00bb18px\u00a0\u00bb body_font=\u00a0\u00bb|500|||||||\u00a0\u00bb body_font_size=\u00a0\u00bb15px\u00a0\u00bb image_icon_custom_margin=\u00a0\u00bb0px|0px|0px|0px|false|false\u00a0\u00bb image_icon_custom_padding=\u00a0\u00bb0px||||false|false\u00a0\u00bb custom_margin=\u00a0\u00bb||30px||false|false\u00a0\u00bb border_radii_image=\u00a0\u00bbon|20px|20px|20px|20px\u00a0\u00bb border_width_all_image=\u00a0\u00bb3px\u00a0\u00bb border_color_all_image=\u00a0\u00bb#ffc000&Prime; global_colors_info=\u00a0\u00bb{}\u00a0\u00bb]<\/p>\n<p><strong>Des formations concr\u00e8tes, structur\u00e9es et directement applicables sur le terrain.<\/strong><\/p>\n<p>&#8211; Expos\u00e9s appuy\u00e9s par un diaporama projet\u00e9<br \/>&#8211; Documentation remise aux participants : support de formation + dossier compl\u00e9mentaire<br \/>&#8211; Exercices d\u2019application avec corrections comment\u00e9es<br \/>&#8211; \u00c9valuations diagnostiques et sommatives (QCM en d\u00e9but et fin de formation)<br \/>&#8211; R\u00e9sum\u00e9s quotidiens r\u00e9alis\u00e9s par le formateur<\/p>\n<p>[\/et_pb_blurb][et_pb_blurb title=\u00a0\u00bbModalit\u00e9s d\u2019\u00e9valuation et de suivi\u00a0\u00bb use_icon=\u00a0\u00bbon\u00a0\u00bb font_icon=\u00a0\u00bb&#xf00c;||fa||900&Prime; icon_color=\u00a0\u00bb#FFFFFF\u00a0\u00bb image_icon_background_color=\u00a0\u00bb#FFC000&Prime; icon_placement=\u00a0\u00bbleft\u00a0\u00bb image_icon_width=\u00a0\u00bb20px\u00a0\u00bb _builder_version=\u00a0\u00bb4.27.5&Prime; _module_preset=\u00a0\u00bbf0842acd-d976-43c6-8959-de5d27cf391b\u00a0\u00bb header_font=\u00a0\u00bbMontserrat|600|||||||\u00a0\u00bb header_text_color=\u00a0\u00bb#FFC000&Prime; header_font_size=\u00a0\u00bb18px\u00a0\u00bb body_font=\u00a0\u00bb|500|||||||\u00a0\u00bb body_font_size=\u00a0\u00bb15px\u00a0\u00bb image_icon_custom_margin=\u00a0\u00bb0px|0px|0px|0px|false|false\u00a0\u00bb image_icon_custom_padding=\u00a0\u00bb0px||||false|false\u00a0\u00bb custom_margin=\u00a0\u00bb||30px||false|false\u00a0\u00bb border_radii_image=\u00a0\u00bbon|20px|20px|20px|20px\u00a0\u00bb border_width_all_image=\u00a0\u00bb3px\u00a0\u00bb border_color_all_image=\u00a0\u00bb#ffc000&Prime; global_colors_info=\u00a0\u00bb{}\u00a0\u00bb]<\/p>\n<p><strong>Un cadre rigoureux pour garantir la qualit\u00e9 et la tra\u00e7abilit\u00e9 de la formation.<\/strong><\/p>\n<p>&#8211; Feuille de pr\u00e9sence sign\u00e9e par chaque participant<br \/>&#8211; \u00c9valuations r\u00e9guli\u00e8res des acquis (tours de table, QCM)<br \/>&#8211; Questionnaire de satisfaction en fin de stage<br \/>&#8211; Attestation de suivi d\u00e9livr\u00e9e \u00e0 l\u2019issue de la formation<\/p>\n<p>[\/et_pb_blurb][et_pb_blurb title=\u00a0\u00bbNos engagement qualit\u00e9 :\u00a0\u00bb use_icon=\u00a0\u00bbon\u00a0\u00bb font_icon=\u00a0\u00bb&#xf00c;||fa||900&Prime; icon_color=\u00a0\u00bb#FFFFFF\u00a0\u00bb image_icon_background_color=\u00a0\u00bb#FFC000&Prime; icon_placement=\u00a0\u00bbleft\u00a0\u00bb image_icon_width=\u00a0\u00bb20px\u00a0\u00bb _builder_version=\u00a0\u00bb4.27.5&Prime; _module_preset=\u00a0\u00bbf0842acd-d976-43c6-8959-de5d27cf391b\u00a0\u00bb header_font=\u00a0\u00bbMontserrat|600|||||||\u00a0\u00bb header_text_color=\u00a0\u00bb#FFC000&Prime; header_font_size=\u00a0\u00bb18px\u00a0\u00bb body_font=\u00a0\u00bb|500|||||||\u00a0\u00bb body_font_size=\u00a0\u00bb15px\u00a0\u00bb image_icon_custom_margin=\u00a0\u00bb0px|0px|0px|0px|false|false\u00a0\u00bb image_icon_custom_padding=\u00a0\u00bb0px||||false|false\u00a0\u00bb custom_margin=\u00a0\u00bb||30px||false|false\u00a0\u00bb border_radii_image=\u00a0\u00bbon|20px|20px|20px|20px\u00a0\u00bb border_width_all_image=\u00a0\u00bb3px\u00a0\u00bb border_color_all_image=\u00a0\u00bb#ffc000&Prime; global_colors_info=\u00a0\u00bb{}\u00a0\u00bb]<\/p>\n<p><strong>Nos formations sont construites autour de trois principes :<\/strong><\/p>\n<p>&#8211; Exigence technique et r\u00e9glementaire : transmission des savoirs les plus actuels et pertinents.<br \/>&#8211; Ancrage terrain : prise en compte des r\u00e9alit\u00e9s pratiques et des retours d\u2019exp\u00e9rience.<br \/>&#8211; P\u00e9dagogie interactive : \u00e9changes, \u00e9tudes de cas, exercices et corrections collectives.<br \/>Chaque participant repart avec des comp\u00e9tences imm\u00e9diatement mobilisables et un socle renforc\u00e9 de connaissances techniques.<\/p>\n<p>[\/et_pb_blurb][et_pb_blurb title=\u00a0\u00bb\u00c9changes interactifs en groupe restreint (6 \u00e0 12 participants) afin de favoriser :\u00a0\u00bb use_icon=\u00a0\u00bbon\u00a0\u00bb font_icon=\u00a0\u00bb&#xf00c;||fa||900&Prime; icon_color=\u00a0\u00bb#FFFFFF\u00a0\u00bb image_icon_background_color=\u00a0\u00bb#FFC000&Prime; icon_placement=\u00a0\u00bbleft\u00a0\u00bb image_icon_width=\u00a0\u00bb20px\u00a0\u00bb _builder_version=\u00a0\u00bb4.27.5&Prime; _module_preset=\u00a0\u00bbf0842acd-d976-43c6-8959-de5d27cf391b\u00a0\u00bb header_font=\u00a0\u00bbMontserrat|600|||||||\u00a0\u00bb header_text_color=\u00a0\u00bb#FFC000&Prime; header_font_size=\u00a0\u00bb18px\u00a0\u00bb body_font=\u00a0\u00bb|500|||||||\u00a0\u00bb body_font_size=\u00a0\u00bb15px\u00a0\u00bb image_icon_custom_margin=\u00a0\u00bb0px|0px|0px|0px|false|false\u00a0\u00bb image_icon_custom_padding=\u00a0\u00bb0px||||false|false\u00a0\u00bb custom_margin=\u00a0\u00bb||30px||false|false\u00a0\u00bb border_radii_image=\u00a0\u00bbon|20px|20px|20px|20px\u00a0\u00bb border_width_all_image=\u00a0\u00bb3px\u00a0\u00bb border_color_all_image=\u00a0\u00bb#ffc000&Prime; global_colors_info=\u00a0\u00bb{}\u00a0\u00bb]<\/p>\n<p>&#8211; les \u00e9changes directs avec le formateur,<br \/>&#8211; le partage d\u2019exp\u00e9riences entre professionnels,<br \/>&#8211; un accompagnement personnalis\u00e9.<\/p>\n<p>[\/et_pb_blurb][et_pb_text _builder_version=\u00a0\u00bb4.27.5&Prime; _module_preset=\u00a0\u00bbdefault\u00a0\u00bb header_3_text_color=\u00a0\u00bb#FFC000&Prime; header_3_font_size=\u00a0\u00bb18px\u00a0\u00bb global_colors_info=\u00a0\u00bb{}\u00a0\u00bb][\/et_pb_text][\/et_pb_column][\/et_pb_row][\/et_pb_section][et_pb_section fb_built=\u00a0\u00bb1&Prime; _builder_version=\u00a0\u00bb4.24.3&Prime; _module_preset=\u00a0\u00bbdefault\u00a0\u00bb background_color=\u00a0\u00bb#f1f1f1&Prime; custom_margin=\u00a0\u00bb4px||20px|||\u00a0\u00bb custom_padding=\u00a0\u00bb40px|||||\u00a0\u00bb global_colors_info=\u00a0\u00bb{}\u00a0\u00bb][et_pb_row _builder_version=\u00a0\u00bb4.24.3&Prime; _module_preset=\u00a0\u00bbdefault\u00a0\u00bb background_color=\u00a0\u00bbRGBA(255,255,255,0)\u00a0\u00bb custom_padding=\u00a0\u00bb5px|||||\u00a0\u00bb global_colors_info=\u00a0\u00bb{}\u00a0\u00bb][et_pb_column type=\u00a0\u00bb4_4&Prime; _builder_version=\u00a0\u00bb4.24.3&Prime; _module_preset=\u00a0\u00bbdefault\u00a0\u00bb global_colors_info=\u00a0\u00bb{}\u00a0\u00bb][et_pb_text admin_label=\u00a0\u00bbTitle\u00a0\u00bb _builder_version=\u00a0\u00bb4.27.5&Prime; text_font=\u00a0\u00bbMontserrat||||||||\u00a0\u00bb text_text_color=\u00a0\u00bb#747d88&Prime; text_font_size=\u00a0\u00bb16px\u00a0\u00bb text_line_height=\u00a0\u00bb1.9em\u00a0\u00bb header_font=\u00a0\u00bb||||||||\u00a0\u00bb header_2_font=\u00a0\u00bbMontserrat|700||on|||||\u00a0\u00bb header_2_font_size=\u00a0\u00bb42px\u00a0\u00bb header_2_line_height=\u00a0\u00bb1.3em\u00a0\u00bb text_orientation=\u00a0\u00bbcenter\u00a0\u00bb max_width=\u00a0\u00bb800px\u00a0\u00bb module_alignment=\u00a0\u00bbcenter\u00a0\u00bb animation_style=\u00a0\u00bbslide\u00a0\u00bb animation_direction=\u00a0\u00bbbottom\u00a0\u00bb animation_intensity_slide=\u00a0\u00bb4%\u00a0\u00bb global_colors_info=\u00a0\u00bb{}\u00a0\u00bb]<\/p>\n<h2>Comment s\u2019inscrire et <span style=\"color: #ffcc00;\">obtenir le financement<\/span> par l\u2019OPCO ?<\/h2>\n<p>[\/et_pb_text][\/et_pb_column][\/et_pb_row][et_pb_row column_structure=\u00a0\u00bb1_5,1_5,1_5,1_5,1_5&Prime; use_custom_gutter=\u00a0\u00bbon\u00a0\u00bb gutter_width=\u00a0\u00bb2&Prime; make_equal=\u00a0\u00bbon\u00a0\u00bb _builder_version=\u00a0\u00bb4.24.3&Prime; _module_preset=\u00a0\u00bbdefault\u00a0\u00bb custom_padding=\u00a0\u00bb0px|10px|0px|10px|false|false\u00a0\u00bb global_colors_info=\u00a0\u00bb{}\u00a0\u00bb][et_pb_column type=\u00a0\u00bb1_5&Prime; _builder_version=\u00a0\u00bb4.24.3&Prime; _module_preset=\u00a0\u00bbdefault\u00a0\u00bb background_color=\u00a0\u00bb#FFFFFF\u00a0\u00bb custom_padding=\u00a0\u00bb10px|10px|10px|10px|false|false\u00a0\u00bb global_colors_info=\u00a0\u00bb{}\u00a0\u00bb][et_pb_icon font_icon=\u00a0\u00bb&#xf01c;||fa||900&Prime; icon_color=\u00a0\u00bb#CC0000&Prime; _builder_version=\u00a0\u00bb4.27.5&Prime; _module_preset=\u00a0\u00bbdefault\u00a0\u00bb global_colors_info=\u00a0\u00bb{}\u00a0\u00bb][\/et_pb_icon][et_pb_text _builder_version=\u00a0\u00bb4.27.5&Prime; _module_preset=\u00a0\u00bbdefault\u00a0\u00bb header_2_font=\u00a0\u00bb|600|||||||\u00a0\u00bb header_2_text_color=\u00a0\u00bb#E02B20&Prime; header_2_font_size=\u00a0\u00bb20px\u00a0\u00bb global_colors_info=\u00a0\u00bb{}\u00a0\u00bb]<\/p>\n<h2 style=\"text-align: center;\">1.<\/h2>\n<h2 style=\"text-align: center;\">Pr\u00e9-r\u00e9servation non engageante<\/h2>\n<p>[\/et_pb_text][et_pb_text _builder_version=\u00a0\u00bb4.27.5&Prime; _module_preset=\u00a0\u00bbdefault\u00a0\u00bb header_2_font=\u00a0\u00bb|600|||||||\u00a0\u00bb header_2_text_color=\u00a0\u00bb#E02B20&Prime; header_2_font_size=\u00a0\u00bb20px\u00a0\u00bb global_colors_info=\u00a0\u00bb{}\u00a0\u00bb]<\/p>\n<p style=\"text-align: center;\">\n<p style=\"text-align: center;\">\n<p style=\"text-align: center;\">\n<p style=\"text-align: center;\">Renvoyez-nous la fiche d\u2019inscription pr\u00e9sente en derni\u00e8re page du catalogue remplie.<\/p>\n<p style=\"text-align: center;\">Pensez \u00e0 cocher la formation et la date qui vous int\u00e9resse.<\/p>\n<p>[\/et_pb_text][et_pb_button button_url=\u00a0\u00bbhttps:\/\/install-bois.pro\/wp-content\/uploads\/2026\/01\/Bulletin-dinscription-InstallBOIS-Formations-2026.pdf\u00a0\u00bb url_new_window=\u00a0\u00bbon\u00a0\u00bb button_text=\u00a0\u00bbT\u00e9l\u00e9charger la fiche d&rsquo;inscription\u00a0\u00bb button_alignment=\u00a0\u00bbcenter\u00a0\u00bb _builder_version=\u00a0\u00bb4.27.5&Prime; _module_preset=\u00a0\u00bbdefault\u00a0\u00bb custom_button=\u00a0\u00bbon\u00a0\u00bb button_text_size=\u00a0\u00bb13px\u00a0\u00bb button_text_color=\u00a0\u00bb#FF6600&Prime; button_bg_color=\u00a0\u00bbrgba(255,192,0,0.1)\u00a0\u00bb button_border_radius=\u00a0\u00bb42px\u00a0\u00bb button_icon=\u00a0\u00bb&#x39;||divi||400&Prime; button_icon_color=\u00a0\u00bb#FF6600&Prime; hover_enabled=\u00a0\u00bb0&Prime; global_colors_info=\u00a0\u00bb{}\u00a0\u00bb sticky_enabled=\u00a0\u00bb0&Prime;][\/et_pb_button][\/et_pb_column][et_pb_column type=\u00a0\u00bb1_5&Prime; _builder_version=\u00a0\u00bb4.24.3&Prime; _module_preset=\u00a0\u00bbdefault\u00a0\u00bb background_color=\u00a0\u00bb#FFFFFF\u00a0\u00bb custom_padding=\u00a0\u00bb10px|10px|10px|10px|false|false\u00a0\u00bb global_colors_info=\u00a0\u00bb{}\u00a0\u00bb][et_pb_icon font_icon=\u00a0\u00bb&#x69;||divi||400&Prime; icon_color=\u00a0\u00bb#FF6600&Prime; _builder_version=\u00a0\u00bb4.27.5&Prime; _module_preset=\u00a0\u00bbdefault\u00a0\u00bb global_colors_info=\u00a0\u00bb{}\u00a0\u00bb][\/et_pb_icon][et_pb_text _builder_version=\u00a0\u00bb4.27.5&Prime; _module_preset=\u00a0\u00bbdefault\u00a0\u00bb header_text_color=\u00a0\u00bb#FF6600&Prime; header_2_font=\u00a0\u00bb|600|||||||\u00a0\u00bb header_2_text_color=\u00a0\u00bb#FF6600&Prime; header_2_font_size=\u00a0\u00bb20px\u00a0\u00bb global_colors_info=\u00a0\u00bb{}\u00a0\u00bb]<\/p>\n<h2 style=\"text-align: center;\">2.<\/h2>\n<h2 style=\"text-align: center;\">Devis et confirmation de prise en charge par l\u2019OPCO<\/h2>\n<p>[\/et_pb_text][et_pb_text _builder_version=\u00a0\u00bb4.27.5&Prime; _module_preset=\u00a0\u00bbdefault\u00a0\u00bb global_colors_info=\u00a0\u00bb{}\u00a0\u00bb]<\/p>\n<p style=\"text-align: center;\">D\u00e8s r\u00e9ception de votre fiche, nous vous enverrons un devis non engageant et le programme \u00e0 transmettre \u00e0 votre OPCO.<\/p>\n<p style=\"text-align: center;\">C\u2019est le moment de soumettre votre demande de financement.<\/p>\n<p>[\/et_pb_text][\/et_pb_column][et_pb_column type=\u00a0\u00bb1_5&Prime; _builder_version=\u00a0\u00bb4.24.3&Prime; _module_preset=\u00a0\u00bbdefault\u00a0\u00bb background_color=\u00a0\u00bb#FFFFFF\u00a0\u00bb custom_padding=\u00a0\u00bb10px|10px|10px|10px|false|false\u00a0\u00bb global_colors_info=\u00a0\u00bb{}\u00a0\u00bb][et_pb_icon font_icon=\u00a0\u00bb&#xf2b5;||fa||900&Prime; icon_color=\u00a0\u00bb#FF9933&Prime; _builder_version=\u00a0\u00bb4.27.5&Prime; _module_preset=\u00a0\u00bbdefault\u00a0\u00bb background_color=\u00a0\u00bb#FFFFFF\u00a0\u00bb global_colors_info=\u00a0\u00bb{}\u00a0\u00bb][\/et_pb_icon][et_pb_text _builder_version=\u00a0\u00bb4.27.5&Prime; _module_preset=\u00a0\u00bbdefault\u00a0\u00bb header_2_font=\u00a0\u00bb|600|||||||\u00a0\u00bb header_2_text_color=\u00a0\u00bb#FF9933&Prime; header_2_font_size=\u00a0\u00bb20px\u00a0\u00bb global_colors_info=\u00a0\u00bb{}\u00a0\u00bb]<\/p>\n<h2 style=\"text-align: center;\">3.<\/h2>\n<h2 style=\"text-align: center;\">R\u00e9servation d\u00e9finitive<\/h2>\n<p>&nbsp;<\/p>\n<p>[\/et_pb_text][et_pb_text _builder_version=\u00a0\u00bb4.27.5&Prime; _module_preset=\u00a0\u00bbdefault\u00a0\u00bb global_colors_info=\u00a0\u00bb{}\u00a0\u00bb]<\/p>\n<p style=\"text-align: center;\">\n<p style=\"text-align: center;\">Une fois l\u2019accord de financement obtenu aupr\u00e8s de votre OPCO, vous pourrez nous transmettre ce devis sign\u00e9 pour confirmer votre inscription.<\/p>\n<p style=\"text-align: center;\">Nous \u00e9tablissons la convention que vous nous retournez sign\u00e9e avec le r\u00e8glement afin de confirmer votre place.<\/p>\n<p>[\/et_pb_text][\/et_pb_column][et_pb_column type=\u00a0\u00bb1_5&Prime; _builder_version=\u00a0\u00bb4.24.3&Prime; _module_preset=\u00a0\u00bbdefault\u00a0\u00bb background_color=\u00a0\u00bb#FFFFFF\u00a0\u00bb custom_padding=\u00a0\u00bb10px|10px|10px|10px|false|false\u00a0\u00bb global_colors_info=\u00a0\u00bb{}\u00a0\u00bb][et_pb_icon font_icon=\u00a0\u00bb&#xf153;||fa||900&Prime; icon_color=\u00a0\u00bb#FFC000&Prime; _builder_version=\u00a0\u00bb4.27.5&Prime; _module_preset=\u00a0\u00bbdefault\u00a0\u00bb global_colors_info=\u00a0\u00bb{}\u00a0\u00bb][\/et_pb_icon][et_pb_text _builder_version=\u00a0\u00bb4.27.5&Prime; _module_preset=\u00a0\u00bbdefault\u00a0\u00bb header_2_font=\u00a0\u00bb|600|||||||\u00a0\u00bb header_2_text_color=\u00a0\u00bb#FFC000&Prime; header_2_font_size=\u00a0\u00bb20px\u00a0\u00bb global_colors_info=\u00a0\u00bb{}\u00a0\u00bb]<\/p>\n<h2 style=\"text-align: center;\">4.<\/h2>\n<h2 style=\"text-align: center;\">Obtenir le remboursement de l\u2019OPCO :<\/h2>\n<p>[\/et_pb_text][et_pb_text _builder_version=\u00a0\u00bb4.27.5&Prime; _module_preset=\u00a0\u00bbdefault\u00a0\u00bb global_colors_info=\u00a0\u00bb{}\u00a0\u00bb]<\/p>\n<p style=\"text-align: center;\">\n<p style=\"text-align: center;\">Cette convention doit \u00e9galement \u00eatre transmise \u00e0 votre OPCO pour finaliser les d\u00e9marches administratives et vous permettre d\u2019obtenir le remboursement de la formation.<\/p>\n<p style=\"text-align: center;\">Celui-ci intervient apr\u00e8s la formation.<\/p>\n<p>[\/et_pb_text][\/et_pb_column][et_pb_column type=\u00a0\u00bb1_5&Prime; _builder_version=\u00a0\u00bb4.24.3&Prime; _module_preset=\u00a0\u00bbdefault\u00a0\u00bb background_color=\u00a0\u00bb#FFFFFF\u00a0\u00bb custom_padding=\u00a0\u00bb10px|10px|10px|10px|false|false\u00a0\u00bb global_colors_info=\u00a0\u00bb{}\u00a0\u00bb][et_pb_icon font_icon=\u00a0\u00bb&#xf06e;||fa||900&Prime; icon_color=\u00a0\u00bb#008080&Prime; _builder_version=\u00a0\u00bb4.24.3&Prime; _module_preset=\u00a0\u00bbdefault\u00a0\u00bb global_colors_info=\u00a0\u00bb{}\u00a0\u00bb][\/et_pb_icon][et_pb_text _builder_version=\u00a0\u00bb4.27.5&Prime; _module_preset=\u00a0\u00bbdefault\u00a0\u00bb header_2_font=\u00a0\u00bb|600|||||||\u00a0\u00bb header_2_text_color=\u00a0\u00bb#008080&Prime; header_2_font_size=\u00a0\u00bb20px\u00a0\u00bb global_colors_info=\u00a0\u00bb{}\u00a0\u00bb]<\/p>\n<h2 style=\"text-align: center;\">!<\/h2>\n<h2 style=\"text-align: center;\">A noter<\/h2>\n<p>[\/et_pb_text][et_pb_text _builder_version=\u00a0\u00bb4.27.5&Prime; _module_preset=\u00a0\u00bbdefault\u00a0\u00bb global_colors_info=\u00a0\u00bb{}\u00a0\u00bb]<\/p>\n<p style=\"text-align: center;\">\n<p style=\"text-align: center;\">\n<p style=\"text-align: center;\">\n<p style=\"text-align: center;\">\n<p style=\"text-align: center;\">Notre partenaire Qualiopi ne prend pas en charge la subrogation ni les CPF.<\/p>\n<p>[\/et_pb_text][et_pb_button button_url=\u00a0\u00bbhttps:\/\/install-bois.pro\/wp-content\/uploads\/2026\/01\/Bulletin-dinscription-InstallBOIS-Formations-2026.pdf\u00a0\u00bb url_new_window=\u00a0\u00bbon\u00a0\u00bb button_text=\u00a0\u00bbT\u00e9l\u00e9charger la fiche d&rsquo;inscription\u00a0\u00bb button_alignment=\u00a0\u00bbcenter\u00a0\u00bb _builder_version=\u00a0\u00bb4.27.5&Prime; _module_preset=\u00a0\u00bbdefault\u00a0\u00bb custom_button=\u00a0\u00bbon\u00a0\u00bb button_text_size=\u00a0\u00bb13px\u00a0\u00bb button_text_color=\u00a0\u00bb#FF6600&Prime; button_bg_color=\u00a0\u00bbrgba(255,192,0,0.1)\u00a0\u00bb button_border_radius=\u00a0\u00bb42px\u00a0\u00bb button_icon=\u00a0\u00bb&#x39;||divi||400&Prime; button_icon_color=\u00a0\u00bb#FF6600&Prime; global_colors_info=\u00a0\u00bb{}\u00a0\u00bb][\/et_pb_button][\/et_pb_column][\/et_pb_row][\/et_pb_section][et_pb_section fb_built=\u00a0\u00bb1&Prime; _builder_version=\u00a0\u00bb4.27.0&Prime; _module_preset=\u00a0\u00bbdefault\u00a0\u00bb background_color=\u00a0\u00bb#f4f4f4&Prime; min_height=\u00a0\u00bb665px\u00a0\u00bb custom_margin=\u00a0\u00bb-21px||-6px|||\u00a0\u00bb custom_padding=\u00a0\u00bb5px||65px|||\u00a0\u00bb global_colors_info=\u00a0\u00bb{}\u00a0\u00bb][et_pb_row admin_label=\u00a0\u00bbFAQ\u00a0\u00bb _builder_version=\u00a0\u00bb4.16&Prime; max_width=\u00a0\u00bb900px\u00a0\u00bb use_custom_width=\u00a0\u00bbon\u00a0\u00bb custom_width_px=\u00a0\u00bb900px\u00a0\u00bb global_colors_info=\u00a0\u00bb{}\u00a0\u00bb][et_pb_column type=\u00a0\u00bb4_4&Prime; _builder_version=\u00a0\u00bb4.16&Prime; custom_padding=\u00a0\u00bb|||\u00a0\u00bb global_colors_info=\u00a0\u00bb{}\u00a0\u00bb custom_padding__hover=\u00a0\u00bb|||\u00a0\u00bb][et_pb_text _builder_version=\u00a0\u00bb4.27.0&Prime; _module_preset=\u00a0\u00bbdefault\u00a0\u00bb text_text_color=\u00a0\u00bb#FF9933&Prime; header_text_color=\u00a0\u00bb#FFC000&Prime; header_font_size=\u00a0\u00bb41px\u00a0\u00bb header_3_text_color=\u00a0\u00bb#FF6600&Prime; header_3_font_size=\u00a0\u00bb39px\u00a0\u00bb global_colors_info=\u00a0\u00bb{}\u00a0\u00bb]<\/p>\n<h3 style=\"text-align: left;\"><strong>Foire aux Questions<\/strong><\/h3>\n<p>[\/et_pb_text][et_pb_accordion open_toggle_text_color=\u00a0\u00bb#FF6600&Prime; open_toggle_background_color=\u00a0\u00bbrgba(0,0,0,0.03)\u00a0\u00bb closed_toggle_background_color=\u00a0\u00bbrgba(0,0,0,0)\u00a0\u00bb icon_color=\u00a0\u00bb#f46624&Prime; use_icon_font_size=\u00a0\u00bbon\u00a0\u00bb icon_font_size=\u00a0\u00bb20px\u00a0\u00bb _builder_version=\u00a0\u00bb4.27.5&Prime; toggle_text_color=\u00a0\u00bb#FF6600&Prime; toggle_font=\u00a0\u00bbMontserrat||||||||\u00a0\u00bb closed_toggle_line_height=\u00a0\u00bb1em\u00a0\u00bb body_font=\u00a0\u00bb||||||||\u00a0\u00bb body_font_size=\u00a0\u00bb16px\u00a0\u00bb body_line_height=\u00a0\u00bb1.8em\u00a0\u00bb background_color=\u00a0\u00bb#FFFFFF\u00a0\u00bb border_style_all=\u00a0\u00bbnone\u00a0\u00bb global_colors_info=\u00a0\u00bb{}\u00a0\u00bb][et_pb_accordion_item title=\u00a0\u00bb\ud83d\udc65 \u00c0 qui s\u2019adressent vos formations ?\u00a0\u00bb open=\u00a0\u00bbon\u00a0\u00bb _builder_version=\u00a0\u00bb4.27.5&Prime; _module_preset=\u00a0\u00bbdefault\u00a0\u00bb global_colors_info=\u00a0\u00bb{}\u00a0\u00bb]<\/p>\n<p>Nos formations sont destin\u00e9es aux installateurs de po\u00eales, inserts et chaudi\u00e8res au bois, aux ramoneurs, ainsi qu\u2019aux entreprises du chauffage au bois souhaitant s\u00e9curiser leurs pratiques et monter en comp\u00e9tence.<\/p>\n<p>[\/et_pb_accordion_item][et_pb_accordion_item title=\u00a0\u00bb\ud83d\udee0\ufe0f Les formations sont-elles orient\u00e9es terrain ou th\u00e9oriques ?\u00a0\u00bb _builder_version=\u00a0\u00bb4.27.5&Prime; _module_preset=\u00a0\u00bbdefault\u00a0\u00bb global_colors_info=\u00a0\u00bb{}\u00a0\u00bb open=\u00a0\u00bboff\u00a0\u00bb]<\/p>\n<p>Elles sont avant tout pratiques. Les contenus sont bas\u00e9s sur des cas concrets rencontr\u00e9s sur chantier, avec un objectif clair : application imm\u00e9diate dans votre activit\u00e9.<\/p>\n<p>[\/et_pb_accordion_item][et_pb_accordion_item title=\u00a0\u00bb\ud83d\udccb Faut-il des pr\u00e9requis pour suivre une formation ?\u00a0\u00bb _builder_version=\u00a0\u00bb4.27.5&Prime; _module_preset=\u00a0\u00bbdefault\u00a0\u00bb global_colors_info=\u00a0\u00bb{}\u00a0\u00bb open=\u00a0\u00bboff\u00a0\u00bb]<\/p>\n<p>Cela d\u00e9pend de la formation. Certaines sont accessibles sans pr\u00e9requis, d\u2019autres n\u00e9cessitent une exp\u00e9rience minimale dans le chauffage au bois. Les pr\u00e9requis sont pr\u00e9cis\u00e9s sur chaque programme.<\/p>\n<p>[\/et_pb_accordion_item][et_pb_accordion_item title=\u00a0\u00bb\ud83c\udf93 Les formations sont-elles certifiantes ?\u00a0\u00bb _builder_version=\u00a0\u00bb4.27.5&Prime; _module_preset=\u00a0\u00bbdefault\u00a0\u00bb global_colors_info=\u00a0\u00bb{}\u00a0\u00bb open=\u00a0\u00bboff\u00a0\u00bb]<\/p>\n<p>Elles permettent d\u2019acqu\u00e9rir des comp\u00e9tences op\u00e9rationnelles et des justificatifs de formation. Selon les sessions, une attestation de suivi est d\u00e9livr\u00e9e.<\/p>\n<p>[\/et_pb_accordion_item][et_pb_accordion_item title=\u00a0\u00bb\u23f1\ufe0f Quelle est la dur\u00e9e des formations ?\u00a0\u00bb _builder_version=\u00a0\u00bb4.27.5&Prime; _module_preset=\u00a0\u00bbdefault\u00a0\u00bb global_colors_info=\u00a0\u00bb{}\u00a0\u00bb open=\u00a0\u00bboff\u00a0\u00bb]<\/p>\n<p>La dur\u00e9e varie selon le contenu, g\u00e9n\u00e9ralement de 2 \u00e0 4 journ\u00e9es. Chaque fiche formation pr\u00e9cise la dur\u00e9e exacte.<\/p>\n<p>[\/et_pb_accordion_item][et_pb_accordion_item title=\u00a0\u00bb\ud83d\udcd0 Sont-elles conformes aux normes en vigueur (DTU, etc.) ?\u00a0\u00bb _builder_version=\u00a0\u00bb4.27.5&Prime; _module_preset=\u00a0\u00bbdefault\u00a0\u00bb global_colors_info=\u00a0\u00bb{}\u00a0\u00bb open=\u00a0\u00bboff\u00a0\u00bb]<\/p>\n<p>Oui. Tous les contenus sont construits sur les textes r\u00e9glementaires actuels (DTU 24.1, EN 13384-1\u2026) et leurs applications concr\u00e8tes sur chantier.<\/p>\n<p>[\/et_pb_accordion_item][et_pb_accordion_item title=\u00a0\u00bb\ud83d\udcb6 Les formations sont-elles finan\u00e7ables ?\u00a0\u00bb _builder_version=\u00a0\u00bb4.27.5&Prime; _module_preset=\u00a0\u00bbdefault\u00a0\u00bb global_colors_info=\u00a0\u00bb{}\u00a0\u00bb open=\u00a0\u00bboff\u00a0\u00bb]<\/p>\n<p data-start=\"1498\" data-end=\"1726\">Selon votre situation et la formation choisie, des solutions de financement peuvent \u00eatre possibles (OPCO, prise en charge partielle). Nous vous accompagnons dans les d\u00e9marches.<\/p>\n<p data-start=\"1728\" data-end=\"1867\">[\/et_pb_accordion_item][et_pb_accordion_item title=\u00a0\u00bb\ud83d\udcc4 Les formations donnent-elles lieu \u00e0 une attestation ?\u00a0\u00bb _builder_version=\u00a0\u00bb4.27.5&Prime; _module_preset=\u00a0\u00bbdefault\u00a0\u00bb global_colors_info=\u00a0\u00bb{}\u00a0\u00bb open=\u00a0\u00bboff\u00a0\u00bb]<\/p>\n<p data-start=\"1728\" data-end=\"1867\">Oui, une attestation de formation est remise \u00e0 l\u2019issue de chaque session.<\/p>\n<p data-start=\"1869\" data-end=\"2020\">[\/et_pb_accordion_item][et_pb_accordion_item title=\u00a0\u00bb\ud83d\udc68\u200d\ud83d\udc69\u200d\ud83d\udc67\u200d\ud83d\udc66 Combien de participants par session ?\u00a0\u00bb _builder_version=\u00a0\u00bb4.27.5&Prime; _module_preset=\u00a0\u00bbdefault\u00a0\u00bb global_colors_info=\u00a0\u00bb{}\u00a0\u00bb open=\u00a0\u00bboff\u00a0\u00bb]<\/p>\n<p data-start=\"1869\" data-end=\"2020\">Les groupes sont volontairement limit\u00e9s afin de favoriser les \u00e9changes et les cas pratiques.<\/p>\n<p data-start=\"2022\" data-end=\"2224\">[\/et_pb_accordion_item][et_pb_accordion_item title=\u00a0\u00bb\ud83c\udfe2 Peut-on organiser une formation sur mesure pour une entreprise ?\u00a0\u00bb _builder_version=\u00a0\u00bb4.27.5&Prime; _module_preset=\u00a0\u00bbdefault\u00a0\u00bb global_colors_info=\u00a0\u00bb{}\u00a0\u00bb open=\u00a0\u00bboff\u00a0\u00bb]<\/p>\n<p>Oui. Nous proposons des formations intra-entreprise adapt\u00e9es \u00e0 vos besoins sp\u00e9cifiques, pour un ou plusieurs collaborateurs.<\/p>\n<p>[\/et_pb_accordion_item][et_pb_accordion_item title=\u00a0\u00bb\ud83d\udcde Comment s\u2019inscrire ou obtenir plus d\u2019informations ?\u00a0\u00bb _builder_version=\u00a0\u00bb4.27.5&Prime; _module_preset=\u00a0\u00bbdefault\u00a0\u00bb global_colors_info=\u00a0\u00bb{}\u00a0\u00bb open=\u00a0\u00bboff\u00a0\u00bb]<\/p>\n<p>Vous pouvez consulter le programme d\u00e9taill\u00e9 de chaque formation ou nous contacter directement pour \u00e9changer sur votre besoin et les prochaines sessions.<\/p>\n<p>[\/et_pb_accordion_item][\/et_pb_accordion][\/et_pb_column][\/et_pb_row][\/et_pb_section][et_pb_section fb_built=\u00a0\u00bb1&Prime; padding_right_2=\u00a0\u00bb5vw\u00a0\u00bb padding_left_2=\u00a0\u00bb5vw\u00a0\u00bb padding_left_right_link_2=\u00a0\u00bbtrue\u00a0\u00bb admin_label=\u00a0\u00bbEmail\u00a0\u00bb _builder_version=\u00a0\u00bb4.24.3&Prime; background_color=\u00a0\u00bb#FFC000&Prime; module_alignment=\u00a0\u00bbcenter\u00a0\u00bb custom_margin=\u00a0\u00bb||-1px|||\u00a0\u00bb custom_padding=\u00a0\u00bb0|5vw||5vw|false|true\u00a0\u00bb animation_style=\u00a0\u00bbfade\u00a0\u00bb border_width_all=\u00a0\u00bb5vw\u00a0\u00bb border_color_all=\u00a0\u00bb#ffffff\u00a0\u00bb border_width_bottom=\u00a0\u00bb0px\u00a0\u00bb use_custom_width=\u00a0\u00bbon\u00a0\u00bb width_unit=\u00a0\u00bboff\u00a0\u00bb custom_width_percent=\u00a0\u00bb100%\u00a0\u00bb saved_tabs=\u00a0\u00bball\u00a0\u00bb locked=\u00a0\u00bboff\u00a0\u00bb global_colors_info=\u00a0\u00bb{}\u00a0\u00bb][et_pb_row column_structure=\u00a0\u00bb1_2,1_2&Prime; use_custom_gutter=\u00a0\u00bbon\u00a0\u00bb gutter_width=\u00a0\u00bb1&Prime; padding_left_right_link_2=\u00a0\u00bbtrue\u00a0\u00bb module_class=\u00a0\u00bb et_pb_row_fullwidth\u00a0\u00bb _builder_version=\u00a0\u00bb4.16&Prime; width=\u00a0\u00bb100%\u00a0\u00bb width_tablet=\u00a0\u00bb100%\u00a0\u00bb width_phone=\u00a0\u00bb\u00a0\u00bb width_last_edited=\u00a0\u00bbon|desktop\u00a0\u00bb max_width=\u00a0\u00bb100%\u00a0\u00bb max_width_tablet=\u00a0\u00bb100%\u00a0\u00bb max_width_phone=\u00a0\u00bb\u00a0\u00bb max_width_last_edited=\u00a0\u00bbon|desktop\u00a0\u00bb custom_padding=\u00a0\u00bb0|0px|0|0px|false|false\u00a0\u00bb make_fullwidth=\u00a0\u00bbon\u00a0\u00bb global_colors_info=\u00a0\u00bb{}\u00a0\u00bb][et_pb_column type=\u00a0\u00bb1_2&Prime; _builder_version=\u00a0\u00bb4.16&Prime; custom_padding=\u00a0\u00bb|||\u00a0\u00bb global_colors_info=\u00a0\u00bb{}\u00a0\u00bb custom_padding__hover=\u00a0\u00bb|||\u00a0\u00bb][et_pb_text _builder_version=\u00a0\u00bb4.24.3&Prime; text_font=\u00a0\u00bb||||||||\u00a0\u00bb header_font=\u00a0\u00bb||||||||\u00a0\u00bb header_2_font=\u00a0\u00bbRoboto|900|||||||\u00a0\u00bb header_2_font_size=\u00a0\u00bb3vw\u00a0\u00bb header_2_line_height=\u00a0\u00bb1.4em\u00a0\u00bb header_3_font=\u00a0\u00bb||||||||\u00a0\u00bb header_4_font=\u00a0\u00bbRoboto||||||||\u00a0\u00bb header_4_text_color=\u00a0\u00bb#666666&Prime; header_4_font_size=\u00a0\u00bb24px\u00a0\u00bb header_4_line_height=\u00a0\u00bb1.4em\u00a0\u00bb background_color=\u00a0\u00bb#ffffff\u00a0\u00bb custom_margin=\u00a0\u00bb|||||false\u00a0\u00bb custom_padding=\u00a0\u00bb100px|5vw|100px|5vw|false|true\u00a0\u00bb custom_padding_tablet=\u00a0\u00bb30px|30px|30px|30px|true|true\u00a0\u00bb custom_padding_phone=\u00a0\u00bb\u00a0\u00bb custom_padding_last_edited=\u00a0\u00bbon|tablet\u00a0\u00bb header_2_font_size_tablet=\u00a0\u00bb35px\u00a0\u00bb header_2_font_size_phone=\u00a0\u00bb25px\u00a0\u00bb header_2_font_size_last_edited=\u00a0\u00bbon|phone\u00a0\u00bb border_width_top=\u00a0\u00bb1px\u00a0\u00bb border_color_top=\u00a0\u00bb#FFC000&Prime; locked=\u00a0\u00bboff\u00a0\u00bb global_colors_info=\u00a0\u00bb{}\u00a0\u00bb header_font_size__hover=\u00a0\u00bb30px\u00a0\u00bb header_font_size__hover_enabled=\u00a0\u00bb30px\u00a0\u00bb header_letter_spacing__hover=\u00a0\u00bb0px\u00a0\u00bb header_letter_spacing__hover_enabled=\u00a0\u00bb0px\u00a0\u00bb header_text_shadow_style__hover=\u00a0\u00bbnone\u00a0\u00bb header_text_shadow_style__hover_enabled=\u00a0\u00bbnone\u00a0\u00bb header_text_shadow_color__hover=\u00a0\u00bbrgba(0,0,0,0.4)\u00a0\u00bb header_text_shadow_color__hover_enabled=\u00a0\u00bbrgba(0,0,0,0.4)\u00a0\u00bb]<\/p>\n<h4><span style=\"color: #ffcc00;\">Contactez-nous !<\/span><\/h4>\n<h2>Une question ? Besoin d&rsquo;un conseil ? <span style=\"color: #ff9900;\"><strong>09 72 54 16 79<\/strong> \u00a0<\/span><\/h2>\n<p>&nbsp;<\/p>\n<p>[\/et_pb_text][\/et_pb_column][et_pb_column type=\u00a0\u00bb1_2&Prime; _builder_version=\u00a0\u00bb4.16&Prime; custom_padding=\u00a0\u00bb60px|5vw||5vw\u00a0\u00bb global_colors_info=\u00a0\u00bb{}\u00a0\u00bb custom_padding__hover=\u00a0\u00bb|||\u00a0\u00bb][et_pb_contact_form email=\u00a0\u00bbcontact@install-bois.pro\u00a0\u00bb custom_message=\u00a0\u00bbNouveau mail depuis le site INSTALL BOIS :||et_pb_line_break_holder||||et_pb_line_break_holder||Nom : %%Nom%%||et_pb_line_break_holder||Soci\u00e9t\u00e9 : %%Societe%%||et_pb_line_break_holder||T\u00e9l\u00e9phone : %%Tel%%||et_pb_line_break_holder||Email : %%Email%%||et_pb_line_break_holder||Message :||et_pb_line_break_holder||%%Message%%\u00a0\u00bb success_message=\u00a0\u00bbMerci ! Nous vous recontacterons rapidement.\u00a0\u00bb module_id=\u00a0\u00bbet_pb_contact_form_0&Prime; _builder_version=\u00a0\u00bb4.24.3&Prime; form_field_background_color=\u00a0\u00bb#fff6c1&Prime; form_field_text_color=\u00a0\u00bb#009999&Prime; captcha_text_color=\u00a0\u00bb#FFFFFF\u00a0\u00bb captcha_letter_spacing=\u00a0\u00bb2px\u00a0\u00bb form_field_font=\u00a0\u00bb|500|||||||\u00a0\u00bb form_field_text_align=\u00a0\u00bbleft\u00a0\u00bb form_field_font_size=\u00a0\u00bb15px\u00a0\u00bb form_field_line_height=\u00a0\u00bb2.4em\u00a0\u00bb custom_button=\u00a0\u00bbon\u00a0\u00bb button_text_size=\u00a0\u00bb16px\u00a0\u00bb button_text_color=\u00a0\u00bb#FFFFFF\u00a0\u00bb button_bg_color=\u00a0\u00bb#009999&Prime; button_border_width=\u00a0\u00bb15px\u00a0\u00bb button_border_color=\u00a0\u00bb#009999&Prime; button_border_radius=\u00a0\u00bb0px\u00a0\u00bb button_font=\u00a0\u00bb|700|||||||\u00a0\u00bb button_icon=\u00a0\u00bb&#xf1d8;||fa||900&Prime; button_icon_color=\u00a0\u00bb#FFFFFF\u00a0\u00bb button_icon_placement=\u00a0\u00bbleft\u00a0\u00bb form_background_color=\u00a0\u00bbrgba(39,45,55,0.1)\u00a0\u00bb global_colors_info=\u00a0\u00bb{}\u00a0\u00bb][et_pb_contact_field field_id=\u00a0\u00bbNom\u00a0\u00bb field_title=\u00a0\u00bbNom\u00a0\u00bb _builder_version=\u00a0\u00bb4.24.3&Prime; global_colors_info=\u00a0\u00bb{}\u00a0\u00bb button_text_size__hover_enabled=\u00a0\u00bboff\u00a0\u00bb button_one_text_size__hover_enabled=\u00a0\u00bboff\u00a0\u00bb button_two_text_size__hover_enabled=\u00a0\u00bboff\u00a0\u00bb button_text_color__hover_enabled=\u00a0\u00bboff\u00a0\u00bb button_one_text_color__hover_enabled=\u00a0\u00bboff\u00a0\u00bb button_two_text_color__hover_enabled=\u00a0\u00bboff\u00a0\u00bb button_border_width__hover_enabled=\u00a0\u00bboff\u00a0\u00bb button_one_border_width__hover_enabled=\u00a0\u00bboff\u00a0\u00bb button_two_border_width__hover_enabled=\u00a0\u00bboff\u00a0\u00bb button_border_color__hover_enabled=\u00a0\u00bboff\u00a0\u00bb button_one_border_color__hover_enabled=\u00a0\u00bboff\u00a0\u00bb button_two_border_color__hover_enabled=\u00a0\u00bboff\u00a0\u00bb button_border_radius__hover_enabled=\u00a0\u00bboff\u00a0\u00bb button_one_border_radius__hover_enabled=\u00a0\u00bboff\u00a0\u00bb button_two_border_radius__hover_enabled=\u00a0\u00bboff\u00a0\u00bb button_letter_spacing__hover_enabled=\u00a0\u00bboff\u00a0\u00bb button_one_letter_spacing__hover_enabled=\u00a0\u00bboff\u00a0\u00bb button_two_letter_spacing__hover_enabled=\u00a0\u00bboff\u00a0\u00bb button_bg_color__hover_enabled=\u00a0\u00bboff\u00a0\u00bb button_one_bg_color__hover_enabled=\u00a0\u00bboff\u00a0\u00bb button_two_bg_color__hover_enabled=\u00a0\u00bboff\u00a0\u00bb][\/et_pb_contact_field][et_pb_contact_field field_id=\u00a0\u00bbSociete\u00a0\u00bb field_title=\u00a0\u00bbSoci\u00e9t\u00e9\u00a0\u00bb _builder_version=\u00a0\u00bb4.24.3&Prime; _module_preset=\u00a0\u00bbdefault\u00a0\u00bb global_colors_info=\u00a0\u00bb{}\u00a0\u00bb][\/et_pb_contact_field][et_pb_contact_field field_id=\u00a0\u00bbTel\u00a0\u00bb field_title=\u00a0\u00bbT\u00e9l\u00e9phone\u00a0\u00bb _builder_version=\u00a0\u00bb4.24.3&Prime; _module_preset=\u00a0\u00bbdefault\u00a0\u00bb global_colors_info=\u00a0\u00bb{}\u00a0\u00bb][\/et_pb_contact_field][et_pb_contact_field field_id=\u00a0\u00bbEmail\u00a0\u00bb field_title=\u00a0\u00bbEmail \u00a0\u00bb field_type=\u00a0\u00bbemail\u00a0\u00bb _builder_version=\u00a0\u00bb4.24.3&Prime; global_colors_info=\u00a0\u00bb{}\u00a0\u00bb button_text_size__hover_enabled=\u00a0\u00bboff\u00a0\u00bb button_one_text_size__hover_enabled=\u00a0\u00bboff\u00a0\u00bb button_two_text_size__hover_enabled=\u00a0\u00bboff\u00a0\u00bb button_text_color__hover_enabled=\u00a0\u00bboff\u00a0\u00bb button_one_text_color__hover_enabled=\u00a0\u00bboff\u00a0\u00bb button_two_text_color__hover_enabled=\u00a0\u00bboff\u00a0\u00bb button_border_width__hover_enabled=\u00a0\u00bboff\u00a0\u00bb button_one_border_width__hover_enabled=\u00a0\u00bboff\u00a0\u00bb button_two_border_width__hover_enabled=\u00a0\u00bboff\u00a0\u00bb button_border_color__hover_enabled=\u00a0\u00bboff\u00a0\u00bb button_one_border_color__hover_enabled=\u00a0\u00bboff\u00a0\u00bb button_two_border_color__hover_enabled=\u00a0\u00bboff\u00a0\u00bb button_border_radius__hover_enabled=\u00a0\u00bboff\u00a0\u00bb button_one_border_radius__hover_enabled=\u00a0\u00bboff\u00a0\u00bb button_two_border_radius__hover_enabled=\u00a0\u00bboff\u00a0\u00bb button_letter_spacing__hover_enabled=\u00a0\u00bboff\u00a0\u00bb button_one_letter_spacing__hover_enabled=\u00a0\u00bboff\u00a0\u00bb button_two_letter_spacing__hover_enabled=\u00a0\u00bboff\u00a0\u00bb button_bg_color__hover_enabled=\u00a0\u00bboff\u00a0\u00bb button_one_bg_color__hover_enabled=\u00a0\u00bboff\u00a0\u00bb button_two_bg_color__hover_enabled=\u00a0\u00bboff\u00a0\u00bb][\/et_pb_contact_field][et_pb_contact_field field_id=\u00a0\u00bbMessage\u00a0\u00bb field_title=\u00a0\u00bbMessage\u00a0\u00bb field_type=\u00a0\u00bbtext\u00a0\u00bb fullwidth_field=\u00a0\u00bbon\u00a0\u00bb _builder_version=\u00a0\u00bb4.16&Prime; box_shadow_style=\u00a0\u00bbpreset2&Prime; global_colors_info=\u00a0\u00bb{}\u00a0\u00bb button_text_size__hover_enabled=\u00a0\u00bboff\u00a0\u00bb button_one_text_size__hover_enabled=\u00a0\u00bboff\u00a0\u00bb button_two_text_size__hover_enabled=\u00a0\u00bboff\u00a0\u00bb button_text_color__hover_enabled=\u00a0\u00bboff\u00a0\u00bb button_one_text_color__hover_enabled=\u00a0\u00bboff\u00a0\u00bb button_two_text_color__hover_enabled=\u00a0\u00bboff\u00a0\u00bb button_border_width__hover_enabled=\u00a0\u00bboff\u00a0\u00bb button_one_border_width__hover_enabled=\u00a0\u00bboff\u00a0\u00bb button_two_border_width__hover_enabled=\u00a0\u00bboff\u00a0\u00bb button_border_color__hover_enabled=\u00a0\u00bboff\u00a0\u00bb button_one_border_color__hover_enabled=\u00a0\u00bboff\u00a0\u00bb button_two_border_color__hover_enabled=\u00a0\u00bboff\u00a0\u00bb button_border_radius__hover_enabled=\u00a0\u00bboff\u00a0\u00bb button_one_border_radius__hover_enabled=\u00a0\u00bboff\u00a0\u00bb button_two_border_radius__hover_enabled=\u00a0\u00bboff\u00a0\u00bb button_letter_spacing__hover_enabled=\u00a0\u00bboff\u00a0\u00bb button_one_letter_spacing__hover_enabled=\u00a0\u00bboff\u00a0\u00bb button_two_letter_spacing__hover_enabled=\u00a0\u00bboff\u00a0\u00bb button_bg_color__hover_enabled=\u00a0\u00bboff\u00a0\u00bb button_one_bg_color__hover_enabled=\u00a0\u00bboff\u00a0\u00bb button_two_bg_color__hover_enabled=\u00a0\u00bboff\u00a0\u00bb][\/et_pb_contact_field][\/et_pb_contact_form][\/et_pb_column][\/et_pb_row][et_pb_row _builder_version=\u00a0\u00bb4.24.3&Prime; _module_preset=\u00a0\u00bbdefault\u00a0\u00bb global_colors_info=\u00a0\u00bb{}\u00a0\u00bb][et_pb_column type=\u00a0\u00bb4_4&Prime; _builder_version=\u00a0\u00bb4.24.3&Prime; _module_preset=\u00a0\u00bbdefault\u00a0\u00bb global_colors_info=\u00a0\u00bb{}\u00a0\u00bb][\/et_pb_column][\/et_pb_row][\/et_pb_section]<\/p>\n","protected":false},"excerpt":{"rendered":"<p>Formations professionnelles pour les acteurs du chauffage au boisVOTRE CATALOGUE DE FORMATIONS 2026 INSTALL BOIS\u00a0<div class=\"et_pb_module ba_dual_button ba_dual_button_0 et_clickable\">\n\t\t\t\t\n\t\t\t\t\n\t\t\t\t\n\t\t\t\t\n\t\t\t\t\n\t\t\t\t\n\t\t\t\t<div class=\"et_pb_module_inner\">\n\t\t\t\t\t<div class=\"dtq-module dtq-dual-btn\">\n\t\t\t\t<div class=\"dtq-btn-wrap\">\n\t\t\t\t\t<a class=\"et_pb_button btn-el btn-el--primary\" href=\"https:\/\/install-bois.pro\/wp-content\/uploads\/2025\/09\/Install-Bois-Formations-2025-2026.pdf\" target=\"_blank\">Consulter le catalogue<\/a> \n\t\t\t\t<\/div>\n\t\t\t\t<div class=\"dtq-btn-wrap\">\n\t\t\t\t\t<a class=\"et_pb_button btn-el btn-el--secondary\" href=\"https:\/\/install-bois.pro\/wp-content\/uploads\/2026\/01\/Bulletin-dinscription-InstallBOIS-Formations-2026.pdf\" target=\"_blank\">T\u00e9l\u00e9charger le bulletin d'inscription<\/a>\n\t\t\t\t<\/div>\n\t\t\t<\/div>\n\t\t\t\t<\/div>\n\t\t\t<\/div> FORMATIONS PRISES EN CHARGE PAR L&rsquo;OPCO\u00a0Des formations pens\u00e9es pour le [&hellip;]<\/p>\n","protected":false},"author":1,"featured_media":0,"parent":0,"menu_order":0,"comment_status":"closed","ping_status":"closed","template":"","meta":{"_et_pb_use_builder":"on","_et_pb_old_content":"","_et_gb_content_width":"","footnotes":""},"class_list":["post-2418","page","type-page","status-publish","hentry"],"yoast_head":"<!-- This site is optimized with the Yoast SEO plugin v27.5 - https:\/\/yoast.com\/product\/yoast-seo-wordpress\/ -->\n<title>FORMATIONS - INSTALL BOIS<\/title>\n<meta name=\"robots\" content=\"index, follow, max-snippet:-1, max-image-preview:large, max-video-preview:-1\" \/>\n<link rel=\"canonical\" href=\"https:\/\/install-bois.pro\/index.php\/formations\/\" \/>\n<meta property=\"og:locale\" content=\"fr_FR\" \/>\n<meta property=\"og:type\" content=\"article\" \/>\n<meta property=\"og:title\" content=\"FORMATIONS - INSTALL BOIS\" \/>\n<meta property=\"og:description\" content=\"Formations professionnelles pour les acteurs du chauffage au boisVOTRE CATALOGUE DE FORMATIONS 2026 INSTALL BOIS\u00a0 FORMATIONS PRISES EN CHARGE PAR L&#039;OPCO\u00a0Des formations pens\u00e9es pour le [&hellip;]\" \/>\n<meta property=\"og:url\" content=\"https:\/\/install-bois.pro\/index.php\/formations\/\" \/>\n<meta property=\"og:site_name\" content=\"INSTALL BOIS\" \/>\n<meta property=\"article:modified_time\" content=\"2026-01-28T15:57:44+00:00\" \/>\n<meta name=\"twitter:card\" content=\"summary_large_image\" \/>\n<script type=\"application\/ld+json\" class=\"yoast-schema-graph\">{\"@context\":\"https:\\\/\\\/schema.org\",\"@graph\":[{\"@type\":\"WebPage\",\"@id\":\"https:\\\/\\\/install-bois.pro\\\/index.php\\\/formations\\\/\",\"url\":\"https:\\\/\\\/install-bois.pro\\\/index.php\\\/formations\\\/\",\"name\":\"FORMATIONS - INSTALL BOIS\",\"isPartOf\":{\"@id\":\"https:\\\/\\\/install-bois.pro\\\/#website\"},\"datePublished\":\"2026-01-28T12:11:16+00:00\",\"dateModified\":\"2026-01-28T15:57:44+00:00\",\"inLanguage\":\"fr-FR\",\"potentialAction\":[{\"@type\":\"ReadAction\",\"target\":[\"https:\\\/\\\/install-bois.pro\\\/index.php\\\/formations\\\/\"]}]},{\"@type\":\"WebSite\",\"@id\":\"https:\\\/\\\/install-bois.pro\\\/#website\",\"url\":\"https:\\\/\\\/install-bois.pro\\\/\",\"name\":\"INSTALL BOIS\",\"description\":\"\",\"potentialAction\":[{\"@type\":\"SearchAction\",\"target\":{\"@type\":\"EntryPoint\",\"urlTemplate\":\"https:\\\/\\\/install-bois.pro\\\/?s={search_term_string}\"},\"query-input\":{\"@type\":\"PropertyValueSpecification\",\"valueRequired\":true,\"valueName\":\"search_term_string\"}}],\"inLanguage\":\"fr-FR\"}]}<\/script>\n<!-- \/ Yoast SEO plugin. -->","yoast_head_json":{"title":"FORMATIONS - INSTALL BOIS","robots":{"index":"index","follow":"follow","max-snippet":"max-snippet:-1","max-image-preview":"max-image-preview:large","max-video-preview":"max-video-preview:-1"},"canonical":"https:\/\/install-bois.pro\/index.php\/formations\/","og_locale":"fr_FR","og_type":"article","og_title":"FORMATIONS - INSTALL BOIS","og_description":"Formations professionnelles pour les acteurs du chauffage au boisVOTRE CATALOGUE DE FORMATIONS 2026 INSTALL BOIS\u00a0 FORMATIONS PRISES EN CHARGE PAR L'OPCO\u00a0Des formations pens\u00e9es pour le [&hellip;]","og_url":"https:\/\/install-bois.pro\/index.php\/formations\/","og_site_name":"INSTALL BOIS","article_modified_time":"2026-01-28T15:57:44+00:00","twitter_card":"summary_large_image","schema":{"@context":"https:\/\/schema.org","@graph":[{"@type":"WebPage","@id":"https:\/\/install-bois.pro\/index.php\/formations\/","url":"https:\/\/install-bois.pro\/index.php\/formations\/","name":"FORMATIONS - INSTALL BOIS","isPartOf":{"@id":"https:\/\/install-bois.pro\/#website"},"datePublished":"2026-01-28T12:11:16+00:00","dateModified":"2026-01-28T15:57:44+00:00","inLanguage":"fr-FR","potentialAction":[{"@type":"ReadAction","target":["https:\/\/install-bois.pro\/index.php\/formations\/"]}]},{"@type":"WebSite","@id":"https:\/\/install-bois.pro\/#website","url":"https:\/\/install-bois.pro\/","name":"INSTALL BOIS","description":"","potentialAction":[{"@type":"SearchAction","target":{"@type":"EntryPoint","urlTemplate":"https:\/\/install-bois.pro\/?s={search_term_string}"},"query-input":{"@type":"PropertyValueSpecification","valueRequired":true,"valueName":"search_term_string"}}],"inLanguage":"fr-FR"}]}},"_links":{"self":[{"href":"https:\/\/install-bois.pro\/index.php\/wp-json\/wp\/v2\/pages\/2418","targetHints":{"allow":["GET"]}}],"collection":[{"href":"https:\/\/install-bois.pro\/index.php\/wp-json\/wp\/v2\/pages"}],"about":[{"href":"https:\/\/install-bois.pro\/index.php\/wp-json\/wp\/v2\/types\/page"}],"author":[{"embeddable":true,"href":"https:\/\/install-bois.pro\/index.php\/wp-json\/wp\/v2\/users\/1"}],"replies":[{"embeddable":true,"href":"https:\/\/install-bois.pro\/index.php\/wp-json\/wp\/v2\/comments?post=2418"}],"version-history":[{"count":64,"href":"https:\/\/install-bois.pro\/index.php\/wp-json\/wp\/v2\/pages\/2418\/revisions"}],"predecessor-version":[{"id":2561,"href":"https:\/\/install-bois.pro\/index.php\/wp-json\/wp\/v2\/pages\/2418\/revisions\/2561"}],"wp:attachment":[{"href":"https:\/\/install-bois.pro\/index.php\/wp-json\/wp\/v2\/media?parent=2418"}],"curies":[{"name":"wp","href":"https:\/\/api.w.org\/{rel}","templated":true}]}}